{"id":21470,"date":"2025-08-10T13:24:43","date_gmt":"2025-08-10T11:24:43","guid":{"rendered":"https:\/\/mokaefti.ch\/gemahlen-fuer-kaffeemaschine\/"},"modified":"2025-09-18T09:26:51","modified_gmt":"2025-09-18T07:26:51","slug":"gemahlen-fuer-kaffeemaschine","status":"publish","type":"page","link":"https:\/\/mokaefti.ch\/de\/gemahlen-fuer-kaffeemaschine\/","title":{"rendered":"Gemahlen f\u00fcr Kaffeemaschine"},"content":{"rendered":"\t\t<div data-elementor-type=\"wp-page\" data-elementor-id=\"21470\" class=\"elementor elementor-21470 elementor-19907\" data-elementor-post-type=\"page\">\n\t\t\t\t\t\t<section data-particle_enable=\"false\" data-particle-mobile-disabled=\"false\" class=\"elementor-section elementor-top-section elementor-element elementor-element-91ee7b6 elementor-section-stretched elementor-section-full_width elementor-section-height-default elementor-section-height-default wpr-particle-no wpr-jarallax-no wpr-parallax-no wpr-sticky-section-no wpr-equal-height-no\" data-id=\"91ee7b6\" data-element_type=\"section\" data-e-type=\"section\" data-settings=\"{&quot;stretch_section&quot;:&quot;section-stretched&quot;,&quot;background_background&quot;:&quot;classic&quot;}\">\n\t\t\t\t\t\t<div class=\"elementor-container elementor-column-gap-no\">\n\t\t\t\t\t<div class=\"elementor-column elementor-col-100 elementor-top-column elementor-element elementor-element-462f53bc\" data-id=\"462f53bc\" data-element_type=\"column\" data-e-type=\"column\">\n\t\t\t<div class=\"elementor-widget-wrap elementor-element-populated\">\n\t\t\t\t\t\t<div class=\"elementor-element elementor-element-19930d74 eael-product-grid-column-tablet-2 eael-product-grid-column-3 elementor-invisible elementor-widget elementor-widget-eicon-woocommerce\" data-id=\"19930d74\" data-element_type=\"widget\" data-e-type=\"widget\" data-settings=\"{&quot;_animation&quot;:&quot;fadeInUp&quot;}\" data-widget_type=\"eicon-woocommerce.default\">\n\t\t\t\t\t\n        <div class=\"eael-product-grid eael-product-simple grid\" id=\"eael-product-grid\" data-widget-id=\"19930d74\" data-page-id=\"21470\" data-nonce=\"4efea0ffa2\" >\n            <div class=\"woocommerce\">\n                <ul class=\"products eael-post-appender eael-post-appender-19930d74\" data-ssi-desktop=\"no\" data-ssi-tablet=\"no\" data-ssi-mobile=\"no\" data-layout-mode=\"grid\"> <li class=\"product \">\n<div class=\"eael-product-wrap\" data-src=\"\" data-src-hover=\"\">\n    <a href=\"https:\/\/mokaefti.ch\/de\/online-kaufen\/sublime-gemahlener-kaffee-250g\/\" class=\"woocommerce-LoopProduct-link woocommerce-loop-product__link\"><img fetchpriority=\"high\" decoding=\"async\" width=\"300\" height=\"300\" src=\"https:\/\/mokaefti.ch\/wp-content\/uploads\/2022\/08\/19-300x300.png\" class=\"attachment-woocommerce_thumbnail size-woocommerce_thumbnail wvs-archive-product-image\" alt=\"Sublime gemahlener Kaffee 250g\" loading=\"eager\" srcset=\"https:\/\/mokaefti.ch\/wp-content\/uploads\/2022\/08\/19-300x300.png 300w, https:\/\/mokaefti.ch\/wp-content\/uploads\/2022\/08\/19-1024x1024.png 1024w, https:\/\/mokaefti.ch\/wp-content\/uploads\/2022\/08\/19-150x150.png 150w, https:\/\/mokaefti.ch\/wp-content\/uploads\/2022\/08\/19-768x768.png 768w, https:\/\/mokaefti.ch\/wp-content\/uploads\/2022\/08\/19-600x600.png 600w, https:\/\/mokaefti.ch\/wp-content\/uploads\/2022\/08\/19-100x100.png 100w, https:\/\/mokaefti.ch\/wp-content\/uploads\/2022\/08\/19.png 1080w\" sizes=\"(max-width: 300px) 100vw, 300px\" \/><\/a><div class=\"eael-product-title\">\n    <a href=\"https:\/\/mokaefti.ch\/de\/online-kaufen\/sublime-gemahlener-kaffee-250g\/\" class=\"woocommerce-LoopProduct-link woocommerce-loop-product__link\"><h2 class=\"woocommerce-loop-product__title\">SUBLIME KAFFEE GEMAHLEN 250G<\/h2><\/a>\n    <\/div><div class=\"eael-product-price\"><span class=\"woocommerce-Price-amount amount\"><bdi><span class=\"woocommerce-Price-currencySymbol\">&#67;&#72;&#70;<\/span>7.65<\/bdi><\/span><\/div>    <a href=\"\/de\/wp-json\/wp\/v2\/pages\/21470?add-to-cart=21402\" aria-describedby=\"woocommerce_loop_add_to_cart_link_describedby_21402\" data-quantity=\"1\" class=\"button product_type_simple add_to_cart_button ajax_add_to_cart\" data-product_id=\"21402\" data-product_sku=\"32251\" aria-label=\"In den Warenkorb legen: \u201eSUBLIME KAFFEE GEMAHLEN 250G\u201c\" rel=\"nofollow\" data-success_message=\"\u201eSUBLIME KAFFEE GEMAHLEN 250G\u201c wurde deinem Warenkorb hinzugef\u00fcgt\" role=\"button\">In den Warenkorb<\/a>\t<span id=\"woocommerce_loop_add_to_cart_link_describedby_21402\" class=\"screen-reader-text\">\n\t\t\t<\/span>\n    \n<\/div>\n\n<\/li> <li class=\"product \">\n<div class=\"eael-product-wrap\" data-src=\"\" data-src-hover=\"\">\n    <a href=\"https:\/\/mokaefti.ch\/de\/online-kaufen\/nonplus-ultra-gemahlener-kaffee-500g\/\" class=\"woocommerce-LoopProduct-link woocommerce-loop-product__link\"><img decoding=\"async\" width=\"300\" height=\"300\" src=\"https:\/\/mokaefti.ch\/wp-content\/uploads\/2022\/09\/21-1-300x300.png\" class=\"attachment-woocommerce_thumbnail size-woocommerce_thumbnail wvs-archive-product-image\" alt=\"Nonplus ultra gemahlener Kaffee 500g\" loading=\"eager\" srcset=\"https:\/\/mokaefti.ch\/wp-content\/uploads\/2022\/09\/21-1-300x300.png 300w, https:\/\/mokaefti.ch\/wp-content\/uploads\/2022\/09\/21-1-1024x1024.png 1024w, https:\/\/mokaefti.ch\/wp-content\/uploads\/2022\/09\/21-1-150x150.png 150w, https:\/\/mokaefti.ch\/wp-content\/uploads\/2022\/09\/21-1-768x768.png 768w, https:\/\/mokaefti.ch\/wp-content\/uploads\/2022\/09\/21-1-600x600.png 600w, https:\/\/mokaefti.ch\/wp-content\/uploads\/2022\/09\/21-1-100x100.png 100w, https:\/\/mokaefti.ch\/wp-content\/uploads\/2022\/09\/21-1.png 1080w\" sizes=\"(max-width: 300px) 100vw, 300px\" \/><\/a><div class=\"eael-product-title\">\n    <a href=\"https:\/\/mokaefti.ch\/de\/online-kaufen\/nonplus-ultra-gemahlener-kaffee-500g\/\" class=\"woocommerce-LoopProduct-link woocommerce-loop-product__link\"><h2 class=\"woocommerce-loop-product__title\">NONPLUS ULTRA KAFFEE GEMAHLEN 500G<\/h2><\/a>\n    <\/div><div class=\"eael-product-price\"><span class=\"woocommerce-Price-amount amount\"><bdi><span class=\"woocommerce-Price-currencySymbol\">&#67;&#72;&#70;<\/span>15.50<\/bdi><\/span><\/div>    <a href=\"\/de\/wp-json\/wp\/v2\/pages\/21470?add-to-cart=21381\" aria-describedby=\"woocommerce_loop_add_to_cart_link_describedby_21381\" data-quantity=\"1\" class=\"button product_type_simple add_to_cart_button ajax_add_to_cart\" data-product_id=\"21381\" data-product_sku=\"24050\" aria-label=\"In den Warenkorb legen: \u201eNONPLUS ULTRA KAFFEE GEMAHLEN 500G\u201c\" rel=\"nofollow\" data-success_message=\"\u201eNONPLUS ULTRA KAFFEE GEMAHLEN 500G\u201c wurde deinem Warenkorb hinzugef\u00fcgt\" role=\"button\">In den Warenkorb<\/a>\t<span id=\"woocommerce_loop_add_to_cart_link_describedby_21381\" class=\"screen-reader-text\">\n\t\t\t<\/span>\n    \n<\/div>\n\n<\/li> <li class=\"product \">\n<div class=\"eael-product-wrap\" data-src=\"\" data-src-hover=\"\">\n    <a href=\"https:\/\/mokaefti.ch\/de\/online-kaufen\/spezialmischung-gemahlener-kaffee-500g\/\" class=\"woocommerce-LoopProduct-link woocommerce-loop-product__link\"><img decoding=\"async\" width=\"300\" height=\"300\" src=\"https:\/\/mokaefti.ch\/wp-content\/uploads\/2022\/09\/23-300x300.png\" class=\"attachment-woocommerce_thumbnail size-woocommerce_thumbnail wvs-archive-product-image\" alt=\"Spezialmischung gemahlener Kaffee 500g\" loading=\"eager\" srcset=\"https:\/\/mokaefti.ch\/wp-content\/uploads\/2022\/09\/23-300x300.png 300w, https:\/\/mokaefti.ch\/wp-content\/uploads\/2022\/09\/23-1024x1024.png 1024w, https:\/\/mokaefti.ch\/wp-content\/uploads\/2022\/09\/23-150x150.png 150w, https:\/\/mokaefti.ch\/wp-content\/uploads\/2022\/09\/23-768x768.png 768w, https:\/\/mokaefti.ch\/wp-content\/uploads\/2022\/09\/23-600x600.png 600w, https:\/\/mokaefti.ch\/wp-content\/uploads\/2022\/09\/23-100x100.png 100w, https:\/\/mokaefti.ch\/wp-content\/uploads\/2022\/09\/23.png 1080w\" sizes=\"(max-width: 300px) 100vw, 300px\" \/><\/a><div class=\"eael-product-title\">\n    <a href=\"https:\/\/mokaefti.ch\/de\/online-kaufen\/spezialmischung-gemahlener-kaffee-500g\/\" class=\"woocommerce-LoopProduct-link woocommerce-loop-product__link\"><h2 class=\"woocommerce-loop-product__title\">SPEZIALMISCHUNG KAFFEE GEMAHLEN 500G<\/h2><\/a>\n    <\/div><div class=\"eael-product-price\"><span class=\"woocommerce-Price-amount amount\"><bdi><span class=\"woocommerce-Price-currencySymbol\">&#67;&#72;&#70;<\/span>13.90<\/bdi><\/span><\/div>    <a href=\"\/de\/wp-json\/wp\/v2\/pages\/21470?add-to-cart=21369\" aria-describedby=\"woocommerce_loop_add_to_cart_link_describedby_21369\" data-quantity=\"1\" class=\"button product_type_simple add_to_cart_button ajax_add_to_cart\" data-product_id=\"21369\" data-product_sku=\"42051\" aria-label=\"In den Warenkorb legen: \u201eSPEZIALMISCHUNG KAFFEE GEMAHLEN 500G\u201c\" rel=\"nofollow\" data-success_message=\"\u201eSPEZIALMISCHUNG KAFFEE GEMAHLEN 500G\u201c wurde deinem Warenkorb hinzugef\u00fcgt\" role=\"button\">In den Warenkorb<\/a>\t<span id=\"woocommerce_loop_add_to_cart_link_describedby_21369\" class=\"screen-reader-text\">\n\t\t\t<\/span>\n    \n<\/div>\n\n<\/li> <li class=\"product \">\n<div class=\"eael-product-wrap\" data-src=\"\" data-src-hover=\"\">\n    <a href=\"https:\/\/mokaefti.ch\/de\/online-kaufen\/decaefti-gemahlener-kaffee-500g\/\" class=\"woocommerce-LoopProduct-link woocommerce-loop-product__link\"><img decoding=\"async\" width=\"300\" height=\"300\" src=\"https:\/\/mokaefti.ch\/wp-content\/uploads\/2022\/09\/25-300x300.png\" class=\"attachment-woocommerce_thumbnail size-woocommerce_thumbnail wvs-archive-product-image\" alt=\"Decaefti gemahlener Kaffee 500g\" loading=\"eager\" srcset=\"https:\/\/mokaefti.ch\/wp-content\/uploads\/2022\/09\/25-300x300.png 300w, https:\/\/mokaefti.ch\/wp-content\/uploads\/2022\/09\/25-1024x1024.png 1024w, https:\/\/mokaefti.ch\/wp-content\/uploads\/2022\/09\/25-150x150.png 150w, https:\/\/mokaefti.ch\/wp-content\/uploads\/2022\/09\/25-768x768.png 768w, https:\/\/mokaefti.ch\/wp-content\/uploads\/2022\/09\/25-600x600.png 600w, https:\/\/mokaefti.ch\/wp-content\/uploads\/2022\/09\/25-100x100.png 100w, https:\/\/mokaefti.ch\/wp-content\/uploads\/2022\/09\/25.png 1080w\" sizes=\"(max-width: 300px) 100vw, 300px\" \/><\/a><div class=\"eael-product-title\">\n    <a href=\"https:\/\/mokaefti.ch\/de\/online-kaufen\/decaefti-gemahlener-kaffee-500g\/\" class=\"woocommerce-LoopProduct-link woocommerce-loop-product__link\"><h2 class=\"woocommerce-loop-product__title\">KOFFEINFREIER KAFFEE GEMAHLEN 500G<\/h2><\/a>\n    <\/div><div class=\"eael-product-price\"><span class=\"woocommerce-Price-amount amount\"><bdi><span class=\"woocommerce-Price-currencySymbol\">&#67;&#72;&#70;<\/span>15.40<\/bdi><\/span><\/div>    <a href=\"\/de\/wp-json\/wp\/v2\/pages\/21470?add-to-cart=21355\" aria-describedby=\"woocommerce_loop_add_to_cart_link_describedby_21355\" data-quantity=\"1\" class=\"button product_type_simple add_to_cart_button ajax_add_to_cart\" data-product_id=\"21355\" data-product_sku=\"82051\" aria-label=\"In den Warenkorb legen: \u201eKOFFEINFREIER KAFFEE GEMAHLEN 500G\u201c\" rel=\"nofollow\" data-success_message=\"\u201eKOFFEINFREIER KAFFEE GEMAHLEN 500G\u201c wurde deinem Warenkorb hinzugef\u00fcgt\" role=\"button\">In den Warenkorb<\/a>\t<span id=\"woocommerce_loop_add_to_cart_link_describedby_21355\" class=\"screen-reader-text\">\n\t\t\t<\/span>\n    \n<\/div>\n\n<\/li> <li class=\"product \">\n<div class=\"eael-product-wrap\" data-src=\"\" data-src-hover=\"\">\n    <a href=\"https:\/\/mokaefti.ch\/de\/online-kaufen\/decaefti-gemahlener-kaffee-250g\/\" class=\"woocommerce-LoopProduct-link woocommerce-loop-product__link\"><img decoding=\"async\" width=\"300\" height=\"300\" src=\"https:\/\/mokaefti.ch\/wp-content\/uploads\/2022\/09\/26-300x300.png\" class=\"attachment-woocommerce_thumbnail size-woocommerce_thumbnail wvs-archive-product-image\" alt=\"Kaffee gemahlen Bio Fairtrade 250 gr.\" loading=\"eager\" srcset=\"https:\/\/mokaefti.ch\/wp-content\/uploads\/2022\/09\/26-300x300.png 300w, https:\/\/mokaefti.ch\/wp-content\/uploads\/2022\/09\/26-1024x1024.png 1024w, https:\/\/mokaefti.ch\/wp-content\/uploads\/2022\/09\/26-150x150.png 150w, https:\/\/mokaefti.ch\/wp-content\/uploads\/2022\/09\/26-768x768.png 768w, https:\/\/mokaefti.ch\/wp-content\/uploads\/2022\/09\/26-600x600.png 600w, https:\/\/mokaefti.ch\/wp-content\/uploads\/2022\/09\/26-100x100.png 100w, https:\/\/mokaefti.ch\/wp-content\/uploads\/2022\/09\/26.png 1080w\" sizes=\"(max-width: 300px) 100vw, 300px\" \/><\/a><div class=\"eael-product-title\">\n    <a href=\"https:\/\/mokaefti.ch\/de\/online-kaufen\/decaefti-gemahlener-kaffee-250g\/\" class=\"woocommerce-LoopProduct-link woocommerce-loop-product__link\"><h2 class=\"woocommerce-loop-product__title\">KOFFEINFREIER KAFFEE GEMAHLEN 250G<\/h2><\/a>\n    <\/div><div class=\"eael-product-price\"><span class=\"woocommerce-Price-amount amount\"><bdi><span class=\"woocommerce-Price-currencySymbol\">&#67;&#72;&#70;<\/span>8.50<\/bdi><\/span><\/div>    <a href=\"\/de\/wp-json\/wp\/v2\/pages\/21470?add-to-cart=21352\" aria-describedby=\"woocommerce_loop_add_to_cart_link_describedby_21352\" data-quantity=\"1\" class=\"button product_type_simple add_to_cart_button ajax_add_to_cart\" data-product_id=\"21352\" data-product_sku=\"82251\" aria-label=\"In den Warenkorb legen: \u201eKOFFEINFREIER KAFFEE GEMAHLEN 250G\u201c\" rel=\"nofollow\" data-success_message=\"\u201eKOFFEINFREIER KAFFEE GEMAHLEN 250G\u201c wurde deinem Warenkorb hinzugef\u00fcgt\" role=\"button\">In den Warenkorb<\/a>\t<span id=\"woocommerce_loop_add_to_cart_link_describedby_21352\" class=\"screen-reader-text\">\n\t\t\t<\/span>\n    \n<\/div>\n\n<\/li> <li class=\"product \">\n<div class=\"eael-product-wrap\" data-src=\"\" data-src-hover=\"\">\n    <a href=\"https:\/\/mokaefti.ch\/de\/online-kaufen\/parainema-lavado-fuer-kaffee-und-mokkakannen-250g\/\" class=\"woocommerce-LoopProduct-link woocommerce-loop-product__link\"><img decoding=\"async\" width=\"300\" height=\"300\" src=\"https:\/\/mokaefti.ch\/wp-content\/uploads\/2023\/04\/27-300x300.png\" class=\"attachment-woocommerce_thumbnail size-woocommerce_thumbnail wvs-archive-product-image\" alt=\"Parainema lavado f\u00fcr Kaffee- und Mokkakannen 250g\" loading=\"eager\" srcset=\"https:\/\/mokaefti.ch\/wp-content\/uploads\/2023\/04\/27-300x300.png 300w, https:\/\/mokaefti.ch\/wp-content\/uploads\/2023\/04\/27-1024x1024.png 1024w, https:\/\/mokaefti.ch\/wp-content\/uploads\/2023\/04\/27-150x150.png 150w, https:\/\/mokaefti.ch\/wp-content\/uploads\/2023\/04\/27-768x768.png 768w, https:\/\/mokaefti.ch\/wp-content\/uploads\/2023\/04\/27-600x600.png 600w, https:\/\/mokaefti.ch\/wp-content\/uploads\/2023\/04\/27-100x100.png 100w, https:\/\/mokaefti.ch\/wp-content\/uploads\/2023\/04\/27.png 1080w\" sizes=\"(max-width: 300px) 100vw, 300px\" \/><\/a><div class=\"eael-product-title\">\n    <a href=\"https:\/\/mokaefti.ch\/de\/online-kaufen\/parainema-lavado-fuer-kaffee-und-mokkakannen-250g\/\" class=\"woocommerce-LoopProduct-link woocommerce-loop-product__link\"><h2 class=\"woocommerce-loop-product__title\">PARAINEMA LAVADO F\u00dcR KAFFEE- UND MOKKAKANNEN 250G<\/h2><\/a>\n    <\/div><div class=\"eael-product-price\"><span class=\"woocommerce-Price-amount amount\"><bdi><span class=\"woocommerce-Price-currencySymbol\">&#67;&#72;&#70;<\/span>10.50<\/bdi><\/span><\/div>    <a href=\"\/de\/wp-json\/wp\/v2\/pages\/21470?add-to-cart=21217\" aria-describedby=\"woocommerce_loop_add_to_cart_link_describedby_21217\" data-quantity=\"1\" class=\"button product_type_simple add_to_cart_button ajax_add_to_cart\" data-product_id=\"21217\" data-product_sku=\"70PALASCM\" aria-label=\"In den Warenkorb legen: \u201ePARAINEMA LAVADO F\u00dcR KAFFEE- UND MOKKAKANNEN 250G\u201c\" rel=\"nofollow\" data-success_message=\"\u201ePARAINEMA LAVADO F\u00dcR KAFFEE- UND MOKKAKANNEN 250G\u201c wurde deinem Warenkorb hinzugef\u00fcgt\" role=\"button\">In den Warenkorb<\/a>\t<span id=\"woocommerce_loop_add_to_cart_link_describedby_21217\" class=\"screen-reader-text\">\n\t\t\t<\/span>\n    \n<\/div>\n\n<\/li> <li class=\"product \">\n<div class=\"eael-product-wrap\" data-src=\"\" data-src-hover=\"\">\n    <a href=\"https:\/\/mokaefti.ch\/de\/online-kaufen\/kaffee-gemahlen-bio-fairtrade-250-gr\/\" class=\"woocommerce-LoopProduct-link woocommerce-loop-product__link\"><img decoding=\"async\" width=\"300\" height=\"300\" src=\"https:\/\/mokaefti.ch\/wp-content\/uploads\/2022\/09\/28-300x300.png\" class=\"attachment-woocommerce_thumbnail size-woocommerce_thumbnail wvs-archive-product-image\" alt=\"Kaffee gemahlen Bio Fairtrade 250 gr.\" loading=\"eager\" srcset=\"https:\/\/mokaefti.ch\/wp-content\/uploads\/2022\/09\/28-300x300.png 300w, https:\/\/mokaefti.ch\/wp-content\/uploads\/2022\/09\/28-1024x1024.png 1024w, https:\/\/mokaefti.ch\/wp-content\/uploads\/2022\/09\/28-150x150.png 150w, https:\/\/mokaefti.ch\/wp-content\/uploads\/2022\/09\/28-768x768.png 768w, https:\/\/mokaefti.ch\/wp-content\/uploads\/2022\/09\/28-600x600.png 600w, https:\/\/mokaefti.ch\/wp-content\/uploads\/2022\/09\/28-100x100.png 100w, https:\/\/mokaefti.ch\/wp-content\/uploads\/2022\/09\/28.png 1080w\" sizes=\"(max-width: 300px) 100vw, 300px\" \/><\/a><div class=\"eael-product-title\">\n    <a href=\"https:\/\/mokaefti.ch\/de\/online-kaufen\/kaffee-gemahlen-bio-fairtrade-250-gr\/\" class=\"woocommerce-LoopProduct-link woocommerce-loop-product__link\"><h2 class=\"woocommerce-loop-product__title\">BIO FAIRTRADE KAFFEE GEMAHLEN 250G<\/h2><\/a>\n    <\/div><div class=\"eael-product-price\"><span class=\"woocommerce-Price-amount amount\"><bdi><span class=\"woocommerce-Price-currencySymbol\">&#67;&#72;&#70;<\/span>8.50<\/bdi><\/span><\/div>    <a href=\"\/de\/wp-json\/wp\/v2\/pages\/21470?add-to-cart=21343\" aria-describedby=\"woocommerce_loop_add_to_cart_link_describedby_21343\" data-quantity=\"1\" class=\"button product_type_simple add_to_cart_button ajax_add_to_cart\" data-product_id=\"21343\" data-product_sku=\"250MACBIO\" aria-label=\"In den Warenkorb legen: \u201eBIO FAIRTRADE KAFFEE GEMAHLEN 250G\u201c\" rel=\"nofollow\" data-success_message=\"\u201eBIO FAIRTRADE KAFFEE GEMAHLEN 250G\u201c wurde deinem Warenkorb hinzugef\u00fcgt\" role=\"button\">In den Warenkorb<\/a>\t<span id=\"woocommerce_loop_add_to_cart_link_describedby_21343\" class=\"screen-reader-text\">\n\t\t\t<\/span>\n    \n<\/div>\n\n<\/li> <li class=\"product \">\n<div class=\"eael-product-wrap\" data-src=\"\" data-src-hover=\"\">\n    <a href=\"https:\/\/mokaefti.ch\/de\/online-kaufen\/filterkaffee-1-000-gr\/\" class=\"woocommerce-LoopProduct-link woocommerce-loop-product__link\"><img decoding=\"async\" width=\"300\" height=\"300\" src=\"https:\/\/mokaefti.ch\/wp-content\/uploads\/2022\/09\/29-300x300.png\" class=\"attachment-woocommerce_thumbnail size-woocommerce_thumbnail wvs-archive-product-image\" alt=\"Filterkaffee 1.000 gr.\" loading=\"eager\" srcset=\"https:\/\/mokaefti.ch\/wp-content\/uploads\/2022\/09\/29-300x300.png 300w, https:\/\/mokaefti.ch\/wp-content\/uploads\/2022\/09\/29-1024x1024.png 1024w, https:\/\/mokaefti.ch\/wp-content\/uploads\/2022\/09\/29-150x150.png 150w, https:\/\/mokaefti.ch\/wp-content\/uploads\/2022\/09\/29-768x768.png 768w, https:\/\/mokaefti.ch\/wp-content\/uploads\/2022\/09\/29-600x600.png 600w, https:\/\/mokaefti.ch\/wp-content\/uploads\/2022\/09\/29-100x100.png 100w, https:\/\/mokaefti.ch\/wp-content\/uploads\/2022\/09\/29.png 1080w\" sizes=\"(max-width: 300px) 100vw, 300px\" \/><\/a><div class=\"eael-product-title\">\n    <a href=\"https:\/\/mokaefti.ch\/de\/online-kaufen\/filterkaffee-1-000-gr\/\" class=\"woocommerce-LoopProduct-link woocommerce-loop-product__link\"><h2 class=\"woocommerce-loop-product__title\">FILTERKAFFEE 1000G<\/h2><\/a>\n    <\/div><div class=\"eael-product-price\"><span class=\"woocommerce-Price-amount amount\"><bdi><span class=\"woocommerce-Price-currencySymbol\">&#67;&#72;&#70;<\/span>24.50<\/bdi><\/span><\/div>    <a href=\"\/de\/wp-json\/wp\/v2\/pages\/21470?add-to-cart=21330\" aria-describedby=\"woocommerce_loop_add_to_cart_link_describedby_21330\" data-quantity=\"1\" class=\"button product_type_simple add_to_cart_button ajax_add_to_cart\" data-product_id=\"21330\" data-product_sku=\"114100\" aria-label=\"In den Warenkorb legen: \u201eFILTERKAFFEE 1000G\u201c\" rel=\"nofollow\" data-success_message=\"\u201eFILTERKAFFEE 1000G\u201c wurde deinem Warenkorb hinzugef\u00fcgt\" role=\"button\">In den Warenkorb<\/a>\t<span id=\"woocommerce_loop_add_to_cart_link_describedby_21330\" class=\"screen-reader-text\">\n\t\t\t<\/span>\n    \n<\/div>\n\n<\/li> <li class=\"product \">\n<div class=\"eael-product-wrap\" data-src=\"\" data-src-hover=\"\">\n    <a href=\"https:\/\/mokaefti.ch\/de\/online-kaufen\/filterkaffee-500-gr\/\" class=\"woocommerce-LoopProduct-link woocommerce-loop-product__link\"><img decoding=\"async\" width=\"300\" height=\"300\" src=\"https:\/\/mokaefti.ch\/wp-content\/uploads\/2022\/09\/30-300x300.png\" class=\"attachment-woocommerce_thumbnail size-woocommerce_thumbnail wvs-archive-product-image\" alt=\"Filterkaffee 500 gr.\" loading=\"eager\" srcset=\"https:\/\/mokaefti.ch\/wp-content\/uploads\/2022\/09\/30-300x300.png 300w, https:\/\/mokaefti.ch\/wp-content\/uploads\/2022\/09\/30-1024x1024.png 1024w, https:\/\/mokaefti.ch\/wp-content\/uploads\/2022\/09\/30-150x150.png 150w, https:\/\/mokaefti.ch\/wp-content\/uploads\/2022\/09\/30-768x768.png 768w, https:\/\/mokaefti.ch\/wp-content\/uploads\/2022\/09\/30-600x600.png 600w, https:\/\/mokaefti.ch\/wp-content\/uploads\/2022\/09\/30-100x100.png 100w, https:\/\/mokaefti.ch\/wp-content\/uploads\/2022\/09\/30.png 1080w\" sizes=\"(max-width: 300px) 100vw, 300px\" \/><\/a><div class=\"eael-product-title\">\n    <a href=\"https:\/\/mokaefti.ch\/de\/online-kaufen\/filterkaffee-500-gr\/\" class=\"woocommerce-LoopProduct-link woocommerce-loop-product__link\"><h2 class=\"woocommerce-loop-product__title\">FILTERKAFFEE 500G<\/h2><\/a>\n    <\/div><div class=\"eael-product-price\"><span class=\"woocommerce-Price-amount amount\"><bdi><span class=\"woocommerce-Price-currencySymbol\">&#67;&#72;&#70;<\/span>12.80<\/bdi><\/span><\/div>    <a href=\"\/de\/wp-json\/wp\/v2\/pages\/21470?add-to-cart=21327\" aria-describedby=\"woocommerce_loop_add_to_cart_link_describedby_21327\" data-quantity=\"1\" class=\"button product_type_simple add_to_cart_button ajax_add_to_cart\" data-product_id=\"21327\" data-product_sku=\"114051\" aria-label=\"In den Warenkorb legen: \u201eFILTERKAFFEE 500G\u201c\" rel=\"nofollow\" data-success_message=\"\u201eFILTERKAFFEE 500G\u201c wurde deinem Warenkorb hinzugef\u00fcgt\" role=\"button\">In den Warenkorb<\/a>\t<span id=\"woocommerce_loop_add_to_cart_link_describedby_21327\" class=\"screen-reader-text\">\n\t\t\t<\/span>\n    \n<\/div>\n\n<\/li> <li class=\"product \">\n<div class=\"eael-product-wrap\" data-src=\"\" data-src-hover=\"\">\n    <a href=\"https:\/\/mokaefti.ch\/de\/online-kaufen\/filterkaffee-250-gr\/\" class=\"woocommerce-LoopProduct-link woocommerce-loop-product__link\"><img decoding=\"async\" width=\"300\" height=\"300\" src=\"https:\/\/mokaefti.ch\/wp-content\/uploads\/2022\/09\/31-300x300.png\" class=\"attachment-woocommerce_thumbnail size-woocommerce_thumbnail wvs-archive-product-image\" alt=\"Filterkaffee 250 g - Moka Efti\" loading=\"eager\" srcset=\"https:\/\/mokaefti.ch\/wp-content\/uploads\/2022\/09\/31-300x300.png 300w, https:\/\/mokaefti.ch\/wp-content\/uploads\/2022\/09\/31-1024x1024.png 1024w, https:\/\/mokaefti.ch\/wp-content\/uploads\/2022\/09\/31-150x150.png 150w, https:\/\/mokaefti.ch\/wp-content\/uploads\/2022\/09\/31-768x768.png 768w, https:\/\/mokaefti.ch\/wp-content\/uploads\/2022\/09\/31-600x600.png 600w, https:\/\/mokaefti.ch\/wp-content\/uploads\/2022\/09\/31-100x100.png 100w, https:\/\/mokaefti.ch\/wp-content\/uploads\/2022\/09\/31.png 1080w\" sizes=\"(max-width: 300px) 100vw, 300px\" \/><\/a><div class=\"eael-product-title\">\n    <a href=\"https:\/\/mokaefti.ch\/de\/online-kaufen\/filterkaffee-250-gr\/\" class=\"woocommerce-LoopProduct-link woocommerce-loop-product__link\"><h2 class=\"woocommerce-loop-product__title\">FILTERKAFFEE 250G<\/h2><\/a>\n    <\/div><div class=\"eael-product-price\"><span class=\"woocommerce-Price-amount amount\"><bdi><span class=\"woocommerce-Price-currencySymbol\">&#67;&#72;&#70;<\/span>6.75<\/bdi><\/span><\/div>    <a href=\"\/de\/wp-json\/wp\/v2\/pages\/21470?add-to-cart=21324\" aria-describedby=\"woocommerce_loop_add_to_cart_link_describedby_21324\" data-quantity=\"1\" class=\"button product_type_simple add_to_cart_button ajax_add_to_cart\" data-product_id=\"21324\" data-product_sku=\"114251\" aria-label=\"In den Warenkorb legen: \u201eFILTERKAFFEE 250G\u201c\" rel=\"nofollow\" data-success_message=\"\u201eFILTERKAFFEE 250G\u201c wurde deinem Warenkorb hinzugef\u00fcgt\" role=\"button\">In den Warenkorb<\/a>\t<span id=\"woocommerce_loop_add_to_cart_link_describedby_21324\" class=\"screen-reader-text\">\n\t\t\t<\/span>\n    \n<\/div>\n\n<\/li><\/ul>            <\/div>\n        <\/div>\n\n        <script type=\"text\/javascript\">\n            jQuery(document).ready(function($) {\n                var $scope = jQuery(\".elementor-element-19930d74\");\n                var $products = $('.products', $scope);\n                var $layout_mode = $products.data('layout-mode');\n                \n                if ( $layout_mode === 'masonry' ) {\n                    \/\/ init isotope\n                    var $isotope_products = $products.isotope({\n                        itemSelector: \"li.product\",\n                        layoutMode: $layout_mode,\n                        percentPosition: true\n                    });\n\n                    $isotope_products.imagesLoaded().progress( function() {\n                        $isotope_products.isotope('layout');\n                    })\n                    \n                }\n            });\n        <\/script>\n        \t\t\t\t<\/div>\n\t\t\t\t\t<\/div>\n\t\t<\/div>\n\t\t\t\t\t<\/div>\n\t\t<\/section>\n\t\t\t\t<section data-particle_enable=\"false\" data-particle-mobile-disabled=\"false\" class=\"elementor-section elementor-top-section elementor-element elementor-element-68b92d6b elementor-section-stretched elementor-section-full_width elementor-section-height-default elementor-section-height-default wpr-particle-no wpr-jarallax-no wpr-parallax-no wpr-sticky-section-no wpr-equal-height-no elementor-invisible\" data-id=\"68b92d6b\" data-element_type=\"section\" data-e-type=\"section\" data-settings=\"{&quot;stretch_section&quot;:&quot;section-stretched&quot;,&quot;animation&quot;:&quot;fadeInUp&quot;}\">\n\t\t\t\t\t\t<div class=\"elementor-container elementor-column-gap-no\">\n\t\t\t\t\t<div class=\"elementor-column elementor-col-100 elementor-top-column elementor-element elementor-element-595113af\" data-id=\"595113af\" data-element_type=\"column\" data-e-type=\"column\" data-settings=\"{&quot;background_background&quot;:&quot;classic&quot;}\">\n\t\t\t<div class=\"elementor-widget-wrap elementor-element-populated\">\n\t\t\t\t\t\t<section data-particle_enable=\"false\" data-particle-mobile-disabled=\"false\" class=\"elementor-section elementor-inner-section elementor-element elementor-element-7178a77c elementor-section-full_width elementor-section-height-default elementor-section-height-default wpr-particle-no wpr-jarallax-no wpr-parallax-no wpr-sticky-section-no wpr-equal-height-no\" data-id=\"7178a77c\" data-element_type=\"section\" data-e-type=\"section\">\n\t\t\t\t\t\t<div class=\"elementor-container elementor-column-gap-no\">\n\t\t\t\t\t<div class=\"elementor-column elementor-col-50 elementor-inner-column elementor-element elementor-element-1ff2c07f\" data-id=\"1ff2c07f\" data-element_type=\"column\" data-e-type=\"column\">\n\t\t\t<div class=\"elementor-widget-wrap elementor-element-populated\">\n\t\t\t\t\t\t<div class=\"elementor-element elementor-element-61a37c76 elementor-widget elementor-widget-heading\" data-id=\"61a37c76\" data-element_type=\"widget\" data-e-type=\"widget\" data-widget_type=\"heading.default\">\n\t\t\t\t\t<h4 class=\"elementor-heading-title elementor-size-default\">MOKA EFTI PROFESSIONAL<\/h4>\t\t\t\t<\/div>\n\t\t\t\t<div class=\"elementor-element elementor-element-299fe686 elementor-widget elementor-widget-heading\" data-id=\"299fe686\" data-element_type=\"widget\" data-e-type=\"widget\" data-widget_type=\"heading.default\">\n\t\t\t\t\t<h3 class=\"elementor-heading-title elementor-size-default\">LIEFERUNGEN F\u00dcR HOTELS UND B\u00dcROS<\/h3>\t\t\t\t<\/div>\n\t\t\t\t<div class=\"elementor-element elementor-element-5c95a228 elementor-widget elementor-widget-text-editor\" data-id=\"5c95a228\" data-element_type=\"widget\" data-e-type=\"widget\" data-widget_type=\"text-editor.default\">\n\t\t\t\t\t\t\t\t\t<p>Unsere Produkte sind auch f\u00fcr B\u00fcros, Hotels und Bed &amp; Breakfast gedacht<\/p>\t\t\t\t\t\t\t\t<\/div>\n\t\t\t\t<div class=\"elementor-element elementor-element-23bd9ca1 elementor-widget elementor-widget-button\" data-id=\"23bd9ca1\" data-element_type=\"widget\" data-e-type=\"widget\" data-widget_type=\"button.default\">\n\t\t\t\t\t\t\t\t\t\t<a class=\"elementor-button elementor-button-link elementor-size-sm\" href=\"https:\/\/mokaefti.ch\/caffe-per-hotel-uffici\/\">\n\t\t\t\t\t\t<span class=\"elementor-button-content-wrapper\">\n\t\t\t\t\t\t\t\t\t<span class=\"elementor-button-text\">BESUCHE DEN BEREICH<\/span>\n\t\t\t\t\t<\/span>\n\t\t\t\t\t<\/a>\n\t\t\t\t\t\t\t\t<\/div>\n\t\t\t\t\t<\/div>\n\t\t<\/div>\n\t\t\t\t<div class=\"elementor-column elementor-col-50 elementor-inner-column elementor-element elementor-element-47ae7810\" data-id=\"47ae7810\" data-element_type=\"column\" data-e-type=\"column\">\n\t\t\t<div class=\"elementor-widget-wrap elementor-element-populated\">\n\t\t\t\t\t\t<div class=\"elementor-element elementor-element-77e75f91 e-transform elementor-invisible elementor-widget elementor-widget-image\" data-id=\"77e75f91\" data-element_type=\"widget\" data-e-type=\"widget\" data-settings=\"{&quot;_animation&quot;:&quot;fadeInRight&quot;,&quot;_transform_rotateZ_effect&quot;:{&quot;unit&quot;:&quot;px&quot;,&quot;size&quot;:2,&quot;sizes&quot;:[]},&quot;_transform_rotateZ_effect_tablet&quot;:{&quot;unit&quot;:&quot;deg&quot;,&quot;size&quot;:&quot;&quot;,&quot;sizes&quot;:[]},&quot;_transform_rotateZ_effect_mobile&quot;:{&quot;unit&quot;:&quot;deg&quot;,&quot;size&quot;:&quot;&quot;,&quot;sizes&quot;:[]}}\" data-widget_type=\"image.default\">\n\t\t\t\t\t\t\t\t\t\t\t\t\t\t\t<img decoding=\"async\" width=\"1080\" height=\"1350\" src=\"https:\/\/mokaefti.ch\/wp-content\/uploads\/2025\/07\/uomo-che-beve-caffe-MokaEfti.png\" class=\"attachment-full size-full wp-image-16065\" alt=\"\" srcset=\"https:\/\/mokaefti.ch\/wp-content\/uploads\/2025\/07\/uomo-che-beve-caffe-MokaEfti.png 1080w, https:\/\/mokaefti.ch\/wp-content\/uploads\/2025\/07\/uomo-che-beve-caffe-MokaEfti-240x300.png 240w, https:\/\/mokaefti.ch\/wp-content\/uploads\/2025\/07\/uomo-che-beve-caffe-MokaEfti-819x1024.png 819w, https:\/\/mokaefti.ch\/wp-content\/uploads\/2025\/07\/uomo-che-beve-caffe-MokaEfti-768x960.png 768w, https:\/\/mokaefti.ch\/wp-content\/uploads\/2025\/07\/uomo-che-beve-caffe-MokaEfti-600x750.png 600w\" sizes=\"(max-width: 1080px) 100vw, 1080px\" \/>\t\t\t\t\t\t\t\t\t\t\t\t\t\t\t<\/div>\n\t\t\t\t\t<\/div>\n\t\t<\/div>\n\t\t\t\t\t<\/div>\n\t\t<\/section>\n\t\t\t\t\t<\/div>\n\t\t<\/div>\n\t\t\t\t\t<\/div>\n\t\t<\/section>\n\t\t\t\t<\/div>\n\t\t","protected":false},"excerpt":{"rendered":"<p>Sublime caff\u00e8 macinato 250g &#67;&#72;&#70;&nbsp;7.65 Aggiungi al carrello Nonplus ultra caff\u00e8 macinato 500g &#67;&#72;&#70;&nbsp;15.50 Aggiungi al carrello Miscela speciale caff\u00e8 macinato 500g &#67;&#72;&#70;&nbsp;13.90 Aggiungi al carrello Decaefti caff\u00e8 macinato 500g &#67;&#72;&#70;&nbsp;15.40 Aggiungi al carrello Decaefti caff\u00e8 macinato 250g &#67;&#72;&#70;&nbsp;8.50 Aggiungi al carrello Parainema Lavado per Moka 250g &#67;&#72;&#70;&nbsp;10.50 Aggiungi al carrello Bio Fairtrade macinato 250g &#67;&#72;&#70;&nbsp;8.50 Aggiungi al carrello Caff\u00e8 filtro 1000 g &#67;&#72;&#70;&nbsp;24.50 Aggiungi al carrello Caff\u00e8 filtro 500 g &#67;&#72;&#70;&nbsp;12.80 Aggiungi al carrello Caff\u00e8 filtro 250 g &#67;&#72;&#70;&nbsp;6.75 Aggiungi al carrello MOKA EFTI PROFESSIONAL LIEFERUNGEN F\u00dcR HOTELS UND B\u00dcROS Unsere Produkte sind auch f\u00fcr B\u00fcros, Hotels und Bed &amp; Breakfast gedacht BESUCHE DEN BEREICH<\/p>\n","protected":false},"author":12,"featured_media":0,"parent":0,"menu_order":0,"comment_status":"closed","ping_status":"closed","template":"elementor_header_footer","meta":{"_acf_changed":false,"_eb_attr":"","inline_featured_image":false,"footnotes":""},"folder":[348],"class_list":["post-21470","page","type-page","status-publish","hentry"],"acf":[],"aioseo_notices":[],"_links":{"self":[{"href":"https:\/\/mokaefti.ch\/de\/wp-json\/wp\/v2\/pages\/21470","targetHints":{"allow":["GET"]}}],"collection":[{"href":"https:\/\/mokaefti.ch\/de\/wp-json\/wp\/v2\/pages"}],"about":[{"href":"https:\/\/mokaefti.ch\/de\/wp-json\/wp\/v2\/types\/page"}],"author":[{"embeddable":true,"href":"https:\/\/mokaefti.ch\/de\/wp-json\/wp\/v2\/users\/12"}],"replies":[{"embeddable":true,"href":"https:\/\/mokaefti.ch\/de\/wp-json\/wp\/v2\/comments?post=21470"}],"version-history":[{"count":0,"href":"https:\/\/mokaefti.ch\/de\/wp-json\/wp\/v2\/pages\/21470\/revisions"}],"wp:attachment":[{"href":"https:\/\/mokaefti.ch\/de\/wp-json\/wp\/v2\/media?parent=21470"}],"wp:term":[{"taxonomy":"folder","embeddable":true,"href":"https:\/\/mokaefti.ch\/de\/wp-json\/wp\/v2\/folder?post=21470"}],"curies":[{"name":"wp","href":"https:\/\/api.w.org\/{rel}","templated":true}]}}