{"id":21458,"date":"2025-07-31T14:28:11","date_gmt":"2025-07-31T12:28:11","guid":{"rendered":"https:\/\/mokaefti.ch\/selection\/"},"modified":"2025-10-14T15:59:52","modified_gmt":"2025-10-14T13:59:52","slug":"selection","status":"publish","type":"page","link":"https:\/\/mokaefti.ch\/fr\/selection\/","title":{"rendered":"S\u00e9lection"},"content":{"rendered":"\t\t<div data-elementor-type=\"wp-page\" data-elementor-id=\"21458\" class=\"elementor elementor-21458 elementor-16969\" data-elementor-post-type=\"page\">\n\t\t\t\t\t\t<section data-particle_enable=\"false\" data-particle-mobile-disabled=\"false\" class=\"elementor-section elementor-top-section elementor-element elementor-element-49a79107 elementor-section-stretched elementor-section-full_width elementor-section-height-default elementor-section-height-default wpr-particle-no wpr-jarallax-no wpr-parallax-no wpr-sticky-section-no wpr-equal-height-no\" data-id=\"49a79107\" data-element_type=\"section\" data-e-type=\"section\" data-settings=\"{&quot;stretch_section&quot;:&quot;section-stretched&quot;,&quot;background_background&quot;:&quot;classic&quot;}\">\n\t\t\t\t\t\t<div class=\"elementor-container elementor-column-gap-no\">\n\t\t\t\t\t<div class=\"elementor-column elementor-col-100 elementor-top-column elementor-element elementor-element-1d235ed3\" data-id=\"1d235ed3\" data-element_type=\"column\" data-e-type=\"column\">\n\t\t\t<div class=\"elementor-widget-wrap elementor-element-populated\">\n\t\t\t\t\t\t<div class=\"elementor-element elementor-element-1c934c99 eael-product-grid-column-tablet-2 eael-product-grid-column-4 elementor-invisible elementor-widget elementor-widget-eicon-woocommerce\" data-id=\"1c934c99\" data-element_type=\"widget\" data-e-type=\"widget\" data-settings=\"{&quot;_animation&quot;:&quot;fadeInUp&quot;}\" data-widget_type=\"eicon-woocommerce.default\">\n\t\t\t\t\t\n        <div class=\"eael-product-grid eael-product-simple grid\" id=\"eael-product-grid\" data-widget-id=\"1c934c99\" data-page-id=\"21458\" data-nonce=\"4efea0ffa2\" >\n            <div class=\"woocommerce\">\n                <ul class=\"products eael-post-appender eael-post-appender-1c934c99\" data-ssi-desktop=\"no\" data-ssi-tablet=\"no\" data-ssi-mobile=\"no\" data-layout-mode=\"grid\"> <li class=\"product \">\n<div class=\"eael-product-wrap\" data-src=\"\" data-src-hover=\"\">\n    <a href=\"https:\/\/mokaefti.ch\/fr\/boutique\/bio-fairtrade-moulu-250g\/\" class=\"woocommerce-LoopProduct-link woocommerce-loop-product__link\"><img fetchpriority=\"high\" decoding=\"async\" width=\"300\" height=\"300\" src=\"https:\/\/mokaefti.ch\/wp-content\/uploads\/2022\/09\/28-300x300.png\" class=\"attachment-woocommerce_thumbnail size-woocommerce_thumbnail wvs-archive-product-image\" alt=\"Bio Fairtrade moulu 250g\" loading=\"eager\" srcset=\"https:\/\/mokaefti.ch\/wp-content\/uploads\/2022\/09\/28-300x300.png 300w, https:\/\/mokaefti.ch\/wp-content\/uploads\/2022\/09\/28-1024x1024.png 1024w, https:\/\/mokaefti.ch\/wp-content\/uploads\/2022\/09\/28-150x150.png 150w, https:\/\/mokaefti.ch\/wp-content\/uploads\/2022\/09\/28-768x768.png 768w, https:\/\/mokaefti.ch\/wp-content\/uploads\/2022\/09\/28-600x600.png 600w, https:\/\/mokaefti.ch\/wp-content\/uploads\/2022\/09\/28-100x100.png 100w, https:\/\/mokaefti.ch\/wp-content\/uploads\/2022\/09\/28.png 1080w\" sizes=\"(max-width: 300px) 100vw, 300px\" \/><\/a><div class=\"eael-product-title\">\n    <a href=\"https:\/\/mokaefti.ch\/fr\/boutique\/bio-fairtrade-moulu-250g\/\" class=\"woocommerce-LoopProduct-link woocommerce-loop-product__link\"><h2 class=\"woocommerce-loop-product__title\">BIO FAIRTRADE MOULU 250 GR.<\/h2><\/a>\n    <\/div><div class=\"eael-product-price\"><span class=\"woocommerce-Price-amount amount\"><bdi><span class=\"woocommerce-Price-currencySymbol\">&#67;&#72;&#70;<\/span>8.50<\/bdi><\/span><\/div>    <a href=\"\/fr\/wp-json\/wp\/v2\/pages\/21458?add-to-cart=21342\" aria-describedby=\"woocommerce_loop_add_to_cart_link_describedby_21342\" data-quantity=\"1\" class=\"button product_type_simple add_to_cart_button ajax_add_to_cart\" data-product_id=\"21342\" data-product_sku=\"250MACBIO\" aria-label=\"Ajouter au panier\u00a0: &ldquo;BIO FAIRTRADE MOULU 250 GR.&rdquo;\" rel=\"nofollow\" data-success_message=\"\u00ab\u00a0BIO FAIRTRADE MOULU 250 GR.\u00a0\u00bb a \u00e9t\u00e9 ajout\u00e9 \u00e0 votre panier\" role=\"button\">Ajouter au panier<\/a>\t<span id=\"woocommerce_loop_add_to_cart_link_describedby_21342\" class=\"screen-reader-text\">\n\t\t\t<\/span>\n    \n<\/div>\n\n<\/li> <li class=\"product \">\n<div class=\"eael-product-wrap\" data-src=\"\" data-src-hover=\"\">\n    <a href=\"https:\/\/mokaefti.ch\/fr\/boutique\/bio-fairtrade-en-grains-250-gr\/\" class=\"woocommerce-LoopProduct-link woocommerce-loop-product__link\"><img decoding=\"async\" width=\"300\" height=\"300\" src=\"https:\/\/mokaefti.ch\/wp-content\/uploads\/2022\/09\/18-300x300.png\" class=\"attachment-woocommerce_thumbnail size-woocommerce_thumbnail wvs-archive-product-image\" alt=\"Bio Fairtrade en grains 250 gr.\" loading=\"eager\" srcset=\"https:\/\/mokaefti.ch\/wp-content\/uploads\/2022\/09\/18-300x300.png 300w, https:\/\/mokaefti.ch\/wp-content\/uploads\/2022\/09\/18-1024x1024.png 1024w, https:\/\/mokaefti.ch\/wp-content\/uploads\/2022\/09\/18-150x150.png 150w, https:\/\/mokaefti.ch\/wp-content\/uploads\/2022\/09\/18-768x768.png 768w, https:\/\/mokaefti.ch\/wp-content\/uploads\/2022\/09\/18-600x600.png 600w, https:\/\/mokaefti.ch\/wp-content\/uploads\/2022\/09\/18-100x100.png 100w, https:\/\/mokaefti.ch\/wp-content\/uploads\/2022\/09\/18.png 1080w\" sizes=\"(max-width: 300px) 100vw, 300px\" \/><\/a><div class=\"eael-product-title\">\n    <a href=\"https:\/\/mokaefti.ch\/fr\/boutique\/bio-fairtrade-en-grains-250-gr\/\" class=\"woocommerce-LoopProduct-link woocommerce-loop-product__link\"><h2 class=\"woocommerce-loop-product__title\">BIO FAIRTRADE EN GRAINS 250 GR.<\/h2><\/a>\n    <\/div><div class=\"eael-product-price\"><span class=\"woocommerce-Price-amount amount\"><bdi><span class=\"woocommerce-Price-currencySymbol\">&#67;&#72;&#70;<\/span>8.10<\/bdi><\/span><\/div>    <a href=\"\/fr\/wp-json\/wp\/v2\/pages\/21458?add-to-cart=21345\" aria-describedby=\"woocommerce_loop_add_to_cart_link_describedby_21345\" data-quantity=\"1\" class=\"button product_type_simple add_to_cart_button ajax_add_to_cart\" data-product_id=\"21345\" data-product_sku=\"250GRABIO\" aria-label=\"Ajouter au panier\u00a0: &ldquo;BIO FAIRTRADE EN GRAINS 250 GR.&rdquo;\" rel=\"nofollow\" data-success_message=\"\u00ab\u00a0BIO FAIRTRADE EN GRAINS 250 GR.\u00a0\u00bb a \u00e9t\u00e9 ajout\u00e9 \u00e0 votre panier\" role=\"button\">Ajouter au panier<\/a>\t<span id=\"woocommerce_loop_add_to_cart_link_describedby_21345\" class=\"screen-reader-text\">\n\t\t\t<\/span>\n    \n<\/div>\n\n<\/li> <li class=\"product \">\n<div class=\"eael-product-wrap\" data-src=\"\" data-src-hover=\"\">\n    <a href=\"https:\/\/mokaefti.ch\/fr\/boutique\/bio-gemma-fairtrade-en-grains-1000-gr\/\" class=\"woocommerce-LoopProduct-link woocommerce-loop-product__link\"><img decoding=\"async\" width=\"300\" height=\"300\" src=\"https:\/\/mokaefti.ch\/wp-content\/uploads\/2022\/09\/17-300x300.png\" class=\"attachment-woocommerce_thumbnail size-woocommerce_thumbnail wvs-archive-product-image\" alt=\"Bio Gemma Fairtrade en grains 1000 gr.\" loading=\"eager\" srcset=\"https:\/\/mokaefti.ch\/wp-content\/uploads\/2022\/09\/17-300x300.png 300w, https:\/\/mokaefti.ch\/wp-content\/uploads\/2022\/09\/17-1024x1024.png 1024w, https:\/\/mokaefti.ch\/wp-content\/uploads\/2022\/09\/17-150x150.png 150w, https:\/\/mokaefti.ch\/wp-content\/uploads\/2022\/09\/17-768x768.png 768w, https:\/\/mokaefti.ch\/wp-content\/uploads\/2022\/09\/17-600x600.png 600w, https:\/\/mokaefti.ch\/wp-content\/uploads\/2022\/09\/17-100x100.png 100w, https:\/\/mokaefti.ch\/wp-content\/uploads\/2022\/09\/17.png 1080w\" sizes=\"(max-width: 300px) 100vw, 300px\" \/><\/a><div class=\"eael-product-title\">\n    <a href=\"https:\/\/mokaefti.ch\/fr\/boutique\/bio-gemma-fairtrade-en-grains-1000-gr\/\" class=\"woocommerce-LoopProduct-link woocommerce-loop-product__link\"><h2 class=\"woocommerce-loop-product__title\">BIO GEMMA FAIRTRADE EN GRAINS 1000 GR.<\/h2><\/a>\n    <\/div><div class=\"eael-product-price\"><span class=\"woocommerce-Price-amount amount\"><bdi><span class=\"woocommerce-Price-currencySymbol\">&#67;&#72;&#70;<\/span>29.50<\/bdi><\/span><\/div>    <a href=\"\/fr\/wp-json\/wp\/v2\/pages\/21458?add-to-cart=21349\" aria-describedby=\"woocommerce_loop_add_to_cart_link_describedby_21349\" data-quantity=\"1\" class=\"button product_type_simple add_to_cart_button ajax_add_to_cart\" data-product_id=\"21349\" data-product_sku=\"160102\" aria-label=\"Ajouter au panier\u00a0: &ldquo;BIO GEMMA FAIRTRADE EN GRAINS 1000 GR.&rdquo;\" rel=\"nofollow\" data-success_message=\"\u00ab\u00a0BIO GEMMA FAIRTRADE EN GRAINS 1000 GR.\u00a0\u00bb a \u00e9t\u00e9 ajout\u00e9 \u00e0 votre panier\" role=\"button\">Ajouter au panier<\/a>\t<span id=\"woocommerce_loop_add_to_cart_link_describedby_21349\" class=\"screen-reader-text\">\n\t\t\t<\/span>\n    \n<\/div>\n\n<\/li> <li class=\"product \">\n<div class=\"eael-product-wrap\" data-src=\"\" data-src-hover=\"\">\n    <a href=\"https:\/\/mokaefti.ch\/fr\/boutique\/cafe-de-specialite-arabica-premium-robusta-indien\/\" class=\"woocommerce-LoopProduct-link woocommerce-loop-product__link\"><img decoding=\"async\" width=\"300\" height=\"300\" src=\"https:\/\/mokaefti.ch\/wp-content\/uploads\/2024\/01\/16-300x300.png\" class=\"attachment-woocommerce_thumbnail size-woocommerce_thumbnail wvs-archive-product-image\" alt=\"Caf\u00e9 de Sp\u00e9cialit\u00e9 Arabica Premium \u2013 Robusta Indien\" loading=\"eager\" srcset=\"https:\/\/mokaefti.ch\/wp-content\/uploads\/2024\/01\/16-300x300.png 300w, https:\/\/mokaefti.ch\/wp-content\/uploads\/2024\/01\/16-1024x1024.png 1024w, https:\/\/mokaefti.ch\/wp-content\/uploads\/2024\/01\/16-150x150.png 150w, https:\/\/mokaefti.ch\/wp-content\/uploads\/2024\/01\/16-768x768.png 768w, https:\/\/mokaefti.ch\/wp-content\/uploads\/2024\/01\/16-600x600.png 600w, https:\/\/mokaefti.ch\/wp-content\/uploads\/2024\/01\/16-100x100.png 100w, https:\/\/mokaefti.ch\/wp-content\/uploads\/2024\/01\/16.png 1080w\" sizes=\"(max-width: 300px) 100vw, 300px\" \/><\/a><div class=\"eael-product-title\">\n    <a href=\"https:\/\/mokaefti.ch\/fr\/boutique\/cafe-de-specialite-arabica-premium-robusta-indien\/\" class=\"woocommerce-LoopProduct-link woocommerce-loop-product__link\"><h2 class=\"woocommerce-loop-product__title\">CAF\u00c9 DE SP\u00c9CIALIT\u00c9 ARABICA EN GRAINS PREMIUM - ROBUSTA INDIAN<\/h2><\/a>\n    <\/div><div class=\"eael-product-price\"><span class=\"woocommerce-Price-amount amount\"><bdi><span class=\"woocommerce-Price-currencySymbol\">&#67;&#72;&#70;<\/span>18.00<\/bdi><\/span><\/div>    <a href=\"\/fr\/wp-json\/wp\/v2\/pages\/21458?add-to-cart=21775\" aria-describedby=\"woocommerce_loop_add_to_cart_link_describedby_21775\" data-quantity=\"1\" class=\"button product_type_simple add_to_cart_button ajax_add_to_cart\" data-product_id=\"21775\" data-product_sku=\"70051FINC\" aria-label=\"Ajouter au panier\u00a0: &ldquo;CAF\u00c9 DE SP\u00c9CIALIT\u00c9 ARABICA EN GRAINS PREMIUM - ROBUSTA INDIAN&rdquo;\" rel=\"nofollow\" data-success_message=\"\u00ab\u00a0CAF\u00c9 DE SP\u00c9CIALIT\u00c9 ARABICA EN GRAINS PREMIUM - ROBUSTA INDIAN\u00a0\u00bb a \u00e9t\u00e9 ajout\u00e9 \u00e0 votre panier\" role=\"button\">Ajouter au panier<\/a>\t<span id=\"woocommerce_loop_add_to_cart_link_describedby_21775\" class=\"screen-reader-text\">\n\t\t\t<\/span>\n    \n<\/div>\n\n<\/li> <li class=\"product \">\n<div class=\"eael-product-wrap\" data-src=\"\" data-src-hover=\"\">\n    <a href=\"https:\/\/mokaefti.ch\/fr\/boutique\/speciality-coffee-robusta-100-en-grains-500-gr\/\" class=\"woocommerce-LoopProduct-link woocommerce-loop-product__link\"><img decoding=\"async\" width=\"300\" height=\"300\" src=\"https:\/\/mokaefti.ch\/wp-content\/uploads\/2022\/09\/15-300x300.png\" class=\"attachment-woocommerce_thumbnail size-woocommerce_thumbnail wvs-archive-product-image\" alt=\"Speciality Coffee Robusta 100% en grains 500 gr.\" loading=\"eager\" srcset=\"https:\/\/mokaefti.ch\/wp-content\/uploads\/2022\/09\/15-300x300.png 300w, https:\/\/mokaefti.ch\/wp-content\/uploads\/2022\/09\/15-1024x1024.png 1024w, https:\/\/mokaefti.ch\/wp-content\/uploads\/2022\/09\/15-150x150.png 150w, https:\/\/mokaefti.ch\/wp-content\/uploads\/2022\/09\/15-768x768.png 768w, https:\/\/mokaefti.ch\/wp-content\/uploads\/2022\/09\/15-600x600.png 600w, https:\/\/mokaefti.ch\/wp-content\/uploads\/2022\/09\/15-100x100.png 100w, https:\/\/mokaefti.ch\/wp-content\/uploads\/2022\/09\/15.png 1080w\" sizes=\"(max-width: 300px) 100vw, 300px\" \/><\/a><div class=\"eael-product-title\">\n    <a href=\"https:\/\/mokaefti.ch\/fr\/boutique\/speciality-coffee-robusta-100-en-grains-500-gr\/\" class=\"woocommerce-LoopProduct-link woocommerce-loop-product__link\"><h2 class=\"woocommerce-loop-product__title\">SPECIALITY COFFEE ROBUSTA 100% EN GRAINS 500 GR.<\/h2><\/a>\n    <\/div><div class=\"eael-product-price\"><span class=\"woocommerce-Price-amount amount\"><bdi><span class=\"woocommerce-Price-currencySymbol\">&#67;&#72;&#70;<\/span>17.40<\/bdi><\/span><\/div>    <a href=\"\/fr\/wp-json\/wp\/v2\/pages\/21458?add-to-cart=21336\" aria-describedby=\"woocommerce_loop_add_to_cart_link_describedby_21336\" data-quantity=\"1\" class=\"button product_type_simple add_to_cart_button ajax_add_to_cart\" data-product_id=\"21336\" data-product_sku=\"70051R\" aria-label=\"Ajouter au panier\u00a0: &ldquo;SPECIALITY COFFEE ROBUSTA 100% EN GRAINS 500 GR.&rdquo;\" rel=\"nofollow\" data-success_message=\"\u00ab\u00a0SPECIALITY COFFEE ROBUSTA 100% EN GRAINS 500 GR.\u00a0\u00bb a \u00e9t\u00e9 ajout\u00e9 \u00e0 votre panier\" role=\"button\">Ajouter au panier<\/a>\t<span id=\"woocommerce_loop_add_to_cart_link_describedby_21336\" class=\"screen-reader-text\">\n\t\t\t<\/span>\n    \n<\/div>\n\n<\/li> <li class=\"product \">\n<div class=\"eael-product-wrap\" data-src=\"\" data-src-hover=\"\">\n    <a href=\"https:\/\/mokaefti.ch\/fr\/boutique\/speciality-coffee-arabica-100-en-grains-500-gr\/\" class=\"woocommerce-LoopProduct-link woocommerce-loop-product__link\"><img decoding=\"async\" width=\"300\" height=\"300\" src=\"https:\/\/mokaefti.ch\/wp-content\/uploads\/2022\/09\/14-300x300.png\" class=\"attachment-woocommerce_thumbnail size-woocommerce_thumbnail wvs-archive-product-image\" alt=\"Speciality Coffee Arabica 100% en grains 500 gr.\" loading=\"eager\" srcset=\"https:\/\/mokaefti.ch\/wp-content\/uploads\/2022\/09\/14-300x300.png 300w, https:\/\/mokaefti.ch\/wp-content\/uploads\/2022\/09\/14-1024x1024.png 1024w, https:\/\/mokaefti.ch\/wp-content\/uploads\/2022\/09\/14-150x150.png 150w, https:\/\/mokaefti.ch\/wp-content\/uploads\/2022\/09\/14-768x768.png 768w, https:\/\/mokaefti.ch\/wp-content\/uploads\/2022\/09\/14-600x600.png 600w, https:\/\/mokaefti.ch\/wp-content\/uploads\/2022\/09\/14-100x100.png 100w, https:\/\/mokaefti.ch\/wp-content\/uploads\/2022\/09\/14.png 1080w\" sizes=\"(max-width: 300px) 100vw, 300px\" \/><\/a><div class=\"eael-product-title\">\n    <a href=\"https:\/\/mokaefti.ch\/fr\/boutique\/speciality-coffee-arabica-100-en-grains-500-gr\/\" class=\"woocommerce-LoopProduct-link woocommerce-loop-product__link\"><h2 class=\"woocommerce-loop-product__title\">SPECIALITY COFFEE ARABICA 100% EN GRAINS 500 GR.<\/h2><\/a>\n    <\/div><div class=\"eael-product-price\"><span class=\"woocommerce-Price-amount amount\"><bdi><span class=\"woocommerce-Price-currencySymbol\">&#67;&#72;&#70;<\/span>17.40<\/bdi><\/span><\/div>    <a href=\"\/fr\/wp-json\/wp\/v2\/pages\/21458?add-to-cart=21257\" aria-describedby=\"woocommerce_loop_add_to_cart_link_describedby_21257\" data-quantity=\"1\" class=\"button product_type_simple add_to_cart_button ajax_add_to_cart\" data-product_id=\"21257\" data-product_sku=\"70051A\" aria-label=\"Ajouter au panier\u00a0: &ldquo;SPECIALITY COFFEE ARABICA 100% EN GRAINS 500 GR.&rdquo;\" rel=\"nofollow\" data-success_message=\"\u00ab\u00a0SPECIALITY COFFEE ARABICA 100% EN GRAINS 500 GR.\u00a0\u00bb a \u00e9t\u00e9 ajout\u00e9 \u00e0 votre panier\" role=\"button\">Ajouter au panier<\/a>\t<span id=\"woocommerce_loop_add_to_cart_link_describedby_21257\" class=\"screen-reader-text\">\n\t\t\t<\/span>\n    \n<\/div>\n\n<\/li> <li class=\"product \">\n<div class=\"eael-product-wrap\" data-src=\"\" data-src-hover=\"\">\n    <a href=\"https:\/\/mokaefti.ch\/fr\/boutique\/speciality-coffee-en-grains-500-gr\/\" class=\"woocommerce-LoopProduct-link woocommerce-loop-product__link\"><img decoding=\"async\" width=\"300\" height=\"300\" src=\"https:\/\/mokaefti.ch\/wp-content\/uploads\/2022\/09\/13-300x300.png\" class=\"attachment-woocommerce_thumbnail size-woocommerce_thumbnail wvs-archive-product-image\" alt=\"Speciality Coffee en grains 500 gr.\" loading=\"eager\" srcset=\"https:\/\/mokaefti.ch\/wp-content\/uploads\/2022\/09\/13-300x300.png 300w, https:\/\/mokaefti.ch\/wp-content\/uploads\/2022\/09\/13-1024x1024.png 1024w, https:\/\/mokaefti.ch\/wp-content\/uploads\/2022\/09\/13-150x150.png 150w, https:\/\/mokaefti.ch\/wp-content\/uploads\/2022\/09\/13-768x768.png 768w, https:\/\/mokaefti.ch\/wp-content\/uploads\/2022\/09\/13-600x600.png 600w, https:\/\/mokaefti.ch\/wp-content\/uploads\/2022\/09\/13-100x100.png 100w, https:\/\/mokaefti.ch\/wp-content\/uploads\/2022\/09\/13.png 1080w\" sizes=\"(max-width: 300px) 100vw, 300px\" \/><\/a><div class=\"eael-product-title\">\n    <a href=\"https:\/\/mokaefti.ch\/fr\/boutique\/speciality-coffee-en-grains-500-gr\/\" class=\"woocommerce-LoopProduct-link woocommerce-loop-product__link\"><h2 class=\"woocommerce-loop-product__title\">SPECIALITY COFFEE EN GRAINS 500 GR.<\/h2><\/a>\n    <\/div><div class=\"eael-product-price\"><span class=\"woocommerce-Price-amount amount\"><bdi><span class=\"woocommerce-Price-currencySymbol\">&#67;&#72;&#70;<\/span>17.40<\/bdi><\/span><\/div>    <a href=\"\/fr\/wp-json\/wp\/v2\/pages\/21458?add-to-cart=21333\" aria-describedby=\"woocommerce_loop_add_to_cart_link_describedby_21333\" data-quantity=\"1\" class=\"button product_type_simple add_to_cart_button ajax_add_to_cart\" data-product_id=\"21333\" data-product_sku=\"70051\" aria-label=\"Ajouter au panier\u00a0: &ldquo;SPECIALITY COFFEE EN GRAINS 500 GR.&rdquo;\" rel=\"nofollow\" data-success_message=\"\u00ab\u00a0SPECIALITY COFFEE EN GRAINS 500 GR.\u00a0\u00bb a \u00e9t\u00e9 ajout\u00e9 \u00e0 votre panier\" role=\"button\">Ajouter au panier<\/a>\t<span id=\"woocommerce_loop_add_to_cart_link_describedby_21333\" class=\"screen-reader-text\">\n\t\t\t<\/span>\n    \n<\/div>\n\n<\/li> <li class=\"product \">\n<div class=\"eael-product-wrap\" data-src=\"\" data-src-hover=\"\">\n    <a href=\"https:\/\/mokaefti.ch\/fr\/boutique\/parainema-lavado-pour-cafetieres-et-moka-pots-250g\/\" class=\"woocommerce-LoopProduct-link woocommerce-loop-product__link\"><img decoding=\"async\" width=\"300\" height=\"300\" src=\"https:\/\/mokaefti.ch\/wp-content\/uploads\/2023\/04\/27-300x300.png\" class=\"attachment-woocommerce_thumbnail size-woocommerce_thumbnail wvs-archive-product-image\" alt=\"Parainema lavado pour cafeti\u00e8res et moka pots 250g\" loading=\"eager\" srcset=\"https:\/\/mokaefti.ch\/wp-content\/uploads\/2023\/04\/27-300x300.png 300w, https:\/\/mokaefti.ch\/wp-content\/uploads\/2023\/04\/27-1024x1024.png 1024w, https:\/\/mokaefti.ch\/wp-content\/uploads\/2023\/04\/27-150x150.png 150w, https:\/\/mokaefti.ch\/wp-content\/uploads\/2023\/04\/27-768x768.png 768w, https:\/\/mokaefti.ch\/wp-content\/uploads\/2023\/04\/27-600x600.png 600w, https:\/\/mokaefti.ch\/wp-content\/uploads\/2023\/04\/27-100x100.png 100w, https:\/\/mokaefti.ch\/wp-content\/uploads\/2023\/04\/27.png 1080w\" sizes=\"(max-width: 300px) 100vw, 300px\" \/><\/a><div class=\"eael-product-title\">\n    <a href=\"https:\/\/mokaefti.ch\/fr\/boutique\/parainema-lavado-pour-cafetieres-et-moka-pots-250g\/\" class=\"woocommerce-LoopProduct-link woocommerce-loop-product__link\"><h2 class=\"woocommerce-loop-product__title\">PARAINEMA LAVADO POUR CAFETI\u00c8RES ET MOKA POTS 250 GR.<\/h2><\/a>\n    <\/div><div class=\"eael-product-price\"><span class=\"woocommerce-Price-amount amount\"><bdi><span class=\"woocommerce-Price-currencySymbol\">&#67;&#72;&#70;<\/span>10.50<\/bdi><\/span><\/div>    <a href=\"\/fr\/wp-json\/wp\/v2\/pages\/21458?add-to-cart=21215\" aria-describedby=\"woocommerce_loop_add_to_cart_link_describedby_21215\" data-quantity=\"1\" class=\"button product_type_simple add_to_cart_button ajax_add_to_cart\" data-product_id=\"21215\" data-product_sku=\"70PALASCM\" aria-label=\"Ajouter au panier\u00a0: &ldquo;PARAINEMA LAVADO POUR CAFETI\u00c8RES ET MOKA POTS 250 GR.&rdquo;\" rel=\"nofollow\" data-success_message=\"\u00ab\u00a0PARAINEMA LAVADO POUR CAFETI\u00c8RES ET MOKA POTS 250 GR.\u00a0\u00bb a \u00e9t\u00e9 ajout\u00e9 \u00e0 votre panier\" role=\"button\">Ajouter au panier<\/a>\t<span id=\"woocommerce_loop_add_to_cart_link_describedby_21215\" class=\"screen-reader-text\">\n\t\t\t<\/span>\n    \n<\/div>\n\n<\/li> <li class=\"product \">\n<div class=\"eael-product-wrap\" data-src=\"\" data-src-hover=\"\">\n    <a href=\"https:\/\/mokaefti.ch\/fr\/boutique\/parainema-lavado-250-gr\/\" class=\"woocommerce-LoopProduct-link woocommerce-loop-product__link\"><img decoding=\"async\" width=\"300\" height=\"300\" src=\"https:\/\/mokaefti.ch\/wp-content\/uploads\/2022\/09\/12-300x300.png\" class=\"attachment-woocommerce_thumbnail size-woocommerce_thumbnail wvs-archive-product-image\" alt=\"Parainema Lavado 250 gr.\" loading=\"eager\" srcset=\"https:\/\/mokaefti.ch\/wp-content\/uploads\/2022\/09\/12-300x300.png 300w, https:\/\/mokaefti.ch\/wp-content\/uploads\/2022\/09\/12-1024x1024.png 1024w, https:\/\/mokaefti.ch\/wp-content\/uploads\/2022\/09\/12-150x150.png 150w, https:\/\/mokaefti.ch\/wp-content\/uploads\/2022\/09\/12-768x768.png 768w, https:\/\/mokaefti.ch\/wp-content\/uploads\/2022\/09\/12-600x600.png 600w, https:\/\/mokaefti.ch\/wp-content\/uploads\/2022\/09\/12-100x100.png 100w, https:\/\/mokaefti.ch\/wp-content\/uploads\/2022\/09\/12.png 1080w\" sizes=\"(max-width: 300px) 100vw, 300px\" \/><\/a><div class=\"eael-product-title\">\n    <a href=\"https:\/\/mokaefti.ch\/fr\/boutique\/parainema-lavado-250-gr\/\" class=\"woocommerce-LoopProduct-link woocommerce-loop-product__link\"><h2 class=\"woocommerce-loop-product__title\">PARAINEMA LAVADO 250 GR.<\/h2><\/a>\n    <\/div><div class=\"eael-product-price\"><span class=\"woocommerce-Price-amount amount\"><bdi><span class=\"woocommerce-Price-currencySymbol\">&#67;&#72;&#70;<\/span>10.50<\/bdi><\/span><\/div>    <a href=\"https:\/\/mokaefti.ch\/fr\/boutique\/parainema-lavado-250-gr\/\" aria-describedby=\"woocommerce_loop_add_to_cart_link_describedby_21234\" data-quantity=\"1\" class=\"button product_type_variable add_to_cart_button\" data-product_id=\"21234\" data-product_sku=\"70PALA\" aria-label=\"S\u00e9lectionner les options pour &ldquo;PARAINEMA LAVADO 250 GR.&rdquo;\" rel=\"nofollow\">Choix des options<\/a>\t<span id=\"woocommerce_loop_add_to_cart_link_describedby_21234\" class=\"screen-reader-text\">\n\t\tCe produit a plusieurs variations. Les options peuvent \u00eatre choisies sur la page du produit\t<\/span>\n    \n<\/div>\n\n<\/li> <li class=\"product \">\n<div class=\"eael-product-wrap\" data-src=\"\" data-src-hover=\"\">\n    <a href=\"https:\/\/mokaefti.ch\/fr\/boutique\/parainema-natural-250-gr\/\" class=\"woocommerce-LoopProduct-link woocommerce-loop-product__link\"><img decoding=\"async\" width=\"300\" height=\"300\" src=\"https:\/\/mokaefti.ch\/wp-content\/uploads\/2022\/08\/12-300x300.png\" class=\"attachment-woocommerce_thumbnail size-woocommerce_thumbnail wvs-archive-product-image\" alt=\"Parainema Natural 250 gr.\" loading=\"eager\" srcset=\"https:\/\/mokaefti.ch\/wp-content\/uploads\/2022\/08\/12-300x300.png 300w, https:\/\/mokaefti.ch\/wp-content\/uploads\/2022\/08\/12-1024x1024.png 1024w, https:\/\/mokaefti.ch\/wp-content\/uploads\/2022\/08\/12-150x150.png 150w, https:\/\/mokaefti.ch\/wp-content\/uploads\/2022\/08\/12-768x768.png 768w, https:\/\/mokaefti.ch\/wp-content\/uploads\/2022\/08\/12-600x600.png 600w, https:\/\/mokaefti.ch\/wp-content\/uploads\/2022\/08\/12-100x100.png 100w, https:\/\/mokaefti.ch\/wp-content\/uploads\/2022\/08\/12.png 1080w\" sizes=\"(max-width: 300px) 100vw, 300px\" \/><\/a><div class=\"eael-product-title\">\n    <a href=\"https:\/\/mokaefti.ch\/fr\/boutique\/parainema-natural-250-gr\/\" class=\"woocommerce-LoopProduct-link woocommerce-loop-product__link\"><h2 class=\"woocommerce-loop-product__title\">PARAINEMA NATURAL 250 GR.<\/h2><\/a>\n    <\/div><div class=\"eael-product-price\"><span class=\"woocommerce-Price-amount amount\"><bdi><span class=\"woocommerce-Price-currencySymbol\">&#67;&#72;&#70;<\/span>12.00<\/bdi><\/span><\/div>    <a href=\"https:\/\/mokaefti.ch\/fr\/boutique\/parainema-natural-250-gr\/\" aria-describedby=\"woocommerce_loop_add_to_cart_link_describedby_21411\" data-quantity=\"1\" class=\"button product_type_variable add_to_cart_button\" data-product_id=\"21411\" data-product_sku=\"70PANA\" aria-label=\"S\u00e9lectionner les options pour &ldquo;PARAINEMA NATURAL 250 GR.&rdquo;\" rel=\"nofollow\">Choix des options<\/a>\t<span id=\"woocommerce_loop_add_to_cart_link_describedby_21411\" class=\"screen-reader-text\">\n\t\tCe produit a plusieurs variations. Les options peuvent \u00eatre choisies sur la page du produit\t<\/span>\n    \n<\/div>\n\n<\/li> <li class=\"product \">\n<div class=\"eael-product-wrap\" data-src=\"\" data-src-hover=\"\">\n    <a href=\"https:\/\/mokaefti.ch\/fr\/boutique\/parainema-melado-250-gr\/\" class=\"woocommerce-LoopProduct-link woocommerce-loop-product__link\"><img decoding=\"async\" width=\"300\" height=\"300\" src=\"https:\/\/mokaefti.ch\/wp-content\/uploads\/2022\/09\/12-1-300x300.png\" class=\"attachment-woocommerce_thumbnail size-woocommerce_thumbnail wvs-archive-product-image\" alt=\"Parainema Melado 250 gr.\" loading=\"eager\" srcset=\"https:\/\/mokaefti.ch\/wp-content\/uploads\/2022\/09\/12-1-300x300.png 300w, https:\/\/mokaefti.ch\/wp-content\/uploads\/2022\/09\/12-1-1024x1024.png 1024w, https:\/\/mokaefti.ch\/wp-content\/uploads\/2022\/09\/12-1-150x150.png 150w, https:\/\/mokaefti.ch\/wp-content\/uploads\/2022\/09\/12-1-768x768.png 768w, https:\/\/mokaefti.ch\/wp-content\/uploads\/2022\/09\/12-1-600x600.png 600w, https:\/\/mokaefti.ch\/wp-content\/uploads\/2022\/09\/12-1-100x100.png 100w, https:\/\/mokaefti.ch\/wp-content\/uploads\/2022\/09\/12-1.png 1080w\" sizes=\"(max-width: 300px) 100vw, 300px\" \/><\/a><div class=\"eael-product-title\">\n    <a href=\"https:\/\/mokaefti.ch\/fr\/boutique\/parainema-melado-250-gr\/\" class=\"woocommerce-LoopProduct-link woocommerce-loop-product__link\"><h2 class=\"woocommerce-loop-product__title\">PARAINEMA MELADO 250 GR.<\/h2><\/a>\n    <\/div><div class=\"eael-product-price\"><span class=\"woocommerce-Price-amount amount\"><bdi><span class=\"woocommerce-Price-currencySymbol\">&#67;&#72;&#70;<\/span>12.00<\/bdi><\/span><\/div>    <a href=\"https:\/\/mokaefti.ch\/fr\/boutique\/parainema-melado-250-gr\/\" aria-describedby=\"woocommerce_loop_add_to_cart_link_describedby_21248\" data-quantity=\"1\" class=\"button product_type_variable add_to_cart_button\" data-product_id=\"21248\" data-product_sku=\"70PAME\" aria-label=\"S\u00e9lectionner les options pour &ldquo;PARAINEMA MELADO 250 GR.&rdquo;\" rel=\"nofollow\">Choix des options<\/a>\t<span id=\"woocommerce_loop_add_to_cart_link_describedby_21248\" class=\"screen-reader-text\">\n\t\tCe produit a plusieurs variations. Les options peuvent \u00eatre choisies sur la page du produit\t<\/span>\n    \n<\/div>\n\n<\/li> <li class=\"product \">\n<div class=\"eael-product-wrap\" data-src=\"\" data-src-hover=\"\">\n    <a href=\"https:\/\/mokaefti.ch\/fr\/boutique\/parainema-caracolillo-250-gr\/\" class=\"woocommerce-LoopProduct-link woocommerce-loop-product__link\"><img decoding=\"async\" width=\"300\" height=\"300\" src=\"https:\/\/mokaefti.ch\/wp-content\/uploads\/2025\/04\/12-300x300.png\" class=\"attachment-woocommerce_thumbnail size-woocommerce_thumbnail wvs-archive-product-image\" alt=\"Parainema Caracolillo 250 gr.\" loading=\"eager\" srcset=\"https:\/\/mokaefti.ch\/wp-content\/uploads\/2025\/04\/12-300x300.png 300w, https:\/\/mokaefti.ch\/wp-content\/uploads\/2025\/04\/12-1024x1024.png 1024w, https:\/\/mokaefti.ch\/wp-content\/uploads\/2025\/04\/12-150x150.png 150w, https:\/\/mokaefti.ch\/wp-content\/uploads\/2025\/04\/12-768x768.png 768w, https:\/\/mokaefti.ch\/wp-content\/uploads\/2025\/04\/12-600x600.png 600w, https:\/\/mokaefti.ch\/wp-content\/uploads\/2025\/04\/12-100x100.png 100w, https:\/\/mokaefti.ch\/wp-content\/uploads\/2025\/04\/12.png 1080w\" sizes=\"(max-width: 300px) 100vw, 300px\" \/><\/a><div class=\"eael-product-title\">\n    <a href=\"https:\/\/mokaefti.ch\/fr\/boutique\/parainema-caracolillo-250-gr\/\" class=\"woocommerce-LoopProduct-link woocommerce-loop-product__link\"><h2 class=\"woocommerce-loop-product__title\">PARAINEMA CARACOLILLO 250 GR.<\/h2><\/a>\n    <\/div><div class=\"eael-product-price\"><span class=\"woocommerce-Price-amount amount\"><bdi><span class=\"woocommerce-Price-currencySymbol\">&#67;&#72;&#70;<\/span>12.00<\/bdi><\/span><\/div>    <a href=\"\/fr\/wp-json\/wp\/v2\/pages\/21458?add-to-cart=21190\" aria-describedby=\"woocommerce_loop_add_to_cart_link_describedby_21190\" data-quantity=\"1\" class=\"button product_type_simple add_to_cart_button ajax_add_to_cart\" data-product_id=\"21190\" data-product_sku=\"70PACAM.\" aria-label=\"Ajouter au panier\u00a0: &ldquo;PARAINEMA CARACOLILLO 250 GR.&rdquo;\" rel=\"nofollow\" data-success_message=\"\u00ab\u00a0PARAINEMA CARACOLILLO 250 GR.\u00a0\u00bb a \u00e9t\u00e9 ajout\u00e9 \u00e0 votre panier\" role=\"button\">Ajouter au panier<\/a>\t<span id=\"woocommerce_loop_add_to_cart_link_describedby_21190\" class=\"screen-reader-text\">\n\t\t\t<\/span>\n    \n<\/div>\n\n<\/li><\/ul>            <\/div>\n        <\/div>\n\n        <script type=\"text\/javascript\">\n            jQuery(document).ready(function($) {\n                var $scope = jQuery(\".elementor-element-1c934c99\");\n                var $products = $('.products', $scope);\n                var $layout_mode = $products.data('layout-mode');\n                \n                if ( $layout_mode === 'masonry' ) {\n                    \/\/ init isotope\n                    var $isotope_products = $products.isotope({\n                        itemSelector: \"li.product\",\n                        layoutMode: $layout_mode,\n                        percentPosition: true\n                    });\n\n                    $isotope_products.imagesLoaded().progress( function() {\n                        $isotope_products.isotope('layout');\n                    })\n                    \n                }\n            });\n        <\/script>\n        \t\t\t\t<\/div>\n\t\t\t\t\t<\/div>\n\t\t<\/div>\n\t\t\t\t\t<\/div>\n\t\t<\/section>\n\t\t\t\t<\/div>\n\t\t","protected":false},"excerpt":{"rendered":"<p>Bio Fairtrade macinato 250g &#67;&#72;&#70;&nbsp;8.50 Aggiungi al carrello Bio Fairtrade in grani 250g &#67;&#72;&#70;&nbsp;8.10 Aggiungi al carrello Bio Fairtrade in grani 1000 g &#67;&#72;&#70;&nbsp;29.50 Aggiungi al carrello Speciality Coffee Arabica Premium &#8211; Indian Robusta &#67;&#72;&#70;&nbsp;18.00 Aggiungi al carrello Speciality Coffee Robusta 100% in grani 500 G &#67;&#72;&#70;&nbsp;17.40 Aggiungi al carrello Speciality Coffee Arabica 100% in grani 500 g &#67;&#72;&#70;&nbsp;17.40 Aggiungi al carrello Speciality Coffee in grani 500 G &#67;&#72;&#70;&nbsp;17.40 Aggiungi al carrello Parainema Lavado per Moka 250g &#67;&#72;&#70;&nbsp;10.50 Aggiungi al carrello Parainema Lavado 250g &#67;&#72;&#70;&nbsp;10.50 Scegli Questo prodotto ha pi\u00f9 varianti. Le opzioni possono essere scelte nella pagina del prodotto Parainema Natural 250g &#67;&#72;&#70;&nbsp;12.00 Scegli Questo prodotto ha pi\u00f9 varianti. Le opzioni possono essere scelte nella pagina del prodotto Parainema Melado 250g &#67;&#72;&#70;&nbsp;12.00 Scegli Questo prodotto ha pi\u00f9 varianti. Le opzioni possono essere scelte nella pagina del prodotto Parainema Caracolillo 250g &#67;&#72;&#70;&nbsp;12.00 Aggiungi al carrello<\/p>\n","protected":false},"author":12,"featured_media":0,"parent":0,"menu_order":0,"comment_status":"closed","ping_status":"closed","template":"elementor_header_footer","meta":{"_acf_changed":false,"_eb_attr":"","inline_featured_image":false,"footnotes":""},"folder":[348],"class_list":["post-21458","page","type-page","status-publish","hentry"],"acf":[],"aioseo_notices":[],"_links":{"self":[{"href":"https:\/\/mokaefti.ch\/fr\/wp-json\/wp\/v2\/pages\/21458","targetHints":{"allow":["GET"]}}],"collection":[{"href":"https:\/\/mokaefti.ch\/fr\/wp-json\/wp\/v2\/pages"}],"about":[{"href":"https:\/\/mokaefti.ch\/fr\/wp-json\/wp\/v2\/types\/page"}],"author":[{"embeddable":true,"href":"https:\/\/mokaefti.ch\/fr\/wp-json\/wp\/v2\/users\/12"}],"replies":[{"embeddable":true,"href":"https:\/\/mokaefti.ch\/fr\/wp-json\/wp\/v2\/comments?post=21458"}],"version-history":[{"count":0,"href":"https:\/\/mokaefti.ch\/fr\/wp-json\/wp\/v2\/pages\/21458\/revisions"}],"wp:attachment":[{"href":"https:\/\/mokaefti.ch\/fr\/wp-json\/wp\/v2\/media?parent=21458"}],"wp:term":[{"taxonomy":"folder","embeddable":true,"href":"https:\/\/mokaefti.ch\/fr\/wp-json\/wp\/v2\/folder?post=21458"}],"curies":[{"name":"wp","href":"https:\/\/api.w.org\/{rel}","templated":true}]}}