{"id":21465,"date":"2025-07-31T14:06:31","date_gmt":"2025-07-31T12:06:31","guid":{"rendered":"https:\/\/mokaefti.ch\/decaffeinato\/"},"modified":"2025-11-26T14:59:36","modified_gmt":"2025-11-26T13:59:36","slug":"decaffeinato","status":"publish","type":"page","link":"https:\/\/mokaefti.ch\/fr\/decaffeinato\/","title":{"rendered":"D\u00e9caf\u00e9in\u00e9"},"content":{"rendered":"\t\t<div data-elementor-type=\"wp-page\" data-elementor-id=\"21465\" class=\"elementor elementor-21465 elementor-16950\" data-elementor-post-type=\"page\">\n\t\t\t\t\t\t<section data-particle_enable=\"false\" data-particle-mobile-disabled=\"false\" class=\"elementor-section elementor-top-section elementor-element elementor-element-45d7443b elementor-section-stretched elementor-section-full_width elementor-section-height-default elementor-section-height-default wpr-particle-no wpr-jarallax-no wpr-parallax-no wpr-sticky-section-no wpr-equal-height-no\" data-id=\"45d7443b\" data-element_type=\"section\" data-e-type=\"section\" data-settings=\"{&quot;stretch_section&quot;:&quot;section-stretched&quot;,&quot;background_background&quot;:&quot;classic&quot;}\">\n\t\t\t\t\t\t<div class=\"elementor-container elementor-column-gap-no\">\n\t\t\t\t\t<div class=\"elementor-column elementor-col-100 elementor-top-column elementor-element elementor-element-12167b4c\" data-id=\"12167b4c\" data-element_type=\"column\" data-e-type=\"column\">\n\t\t\t<div class=\"elementor-widget-wrap elementor-element-populated\">\n\t\t\t\t\t\t<div class=\"elementor-element elementor-element-643de225 eael-product-grid-column-tablet-2 eael-product-grid-column-4 elementor-invisible elementor-widget elementor-widget-eicon-woocommerce\" data-id=\"643de225\" data-element_type=\"widget\" data-e-type=\"widget\" data-settings=\"{&quot;_animation&quot;:&quot;fadeInUp&quot;}\" data-widget_type=\"eicon-woocommerce.default\">\n\t\t\t\t\t\n        <div class=\"eael-product-grid eael-product-simple grid\" id=\"eael-product-grid\" data-widget-id=\"643de225\" data-page-id=\"21465\" data-nonce=\"916a048d7c\" >\n            <div class=\"woocommerce\">\n                <ul class=\"products eael-post-appender eael-post-appender-643de225\" data-ssi-desktop=\"no\" data-ssi-tablet=\"no\" data-ssi-mobile=\"no\" data-layout-mode=\"grid\"> <li class=\"product \">\n<div class=\"eael-product-wrap\" data-src=\"\" data-src-hover=\"\">\n    <a href=\"https:\/\/mokaefti.ch\/fr\/boutique\/capsules-pittissima-decafeine-en-aluminium\/\" class=\"woocommerce-LoopProduct-link woocommerce-loop-product__link\"><img fetchpriority=\"high\" decoding=\"async\" width=\"300\" height=\"300\" src=\"https:\/\/mokaefti.ch\/wp-content\/uploads\/2022\/09\/mok_a_78_1-300x300.png\" class=\"attachment-woocommerce_thumbnail size-woocommerce_thumbnail wvs-archive-product-image\" alt=\"Espresso\" loading=\"eager\" srcset=\"https:\/\/mokaefti.ch\/wp-content\/uploads\/2022\/09\/mok_a_78_1-300x300.png 300w, https:\/\/mokaefti.ch\/wp-content\/uploads\/2022\/09\/mok_a_78_1-150x150.png 150w, https:\/\/mokaefti.ch\/wp-content\/uploads\/2022\/09\/mok_a_78_1-560x560.png 560w, https:\/\/mokaefti.ch\/wp-content\/uploads\/2022\/09\/mok_a_78_1-600x600.png 600w, https:\/\/mokaefti.ch\/wp-content\/uploads\/2022\/09\/mok_a_78_1-100x100.png 100w, https:\/\/mokaefti.ch\/wp-content\/uploads\/2022\/09\/mok_a_78_1.png 700w\" sizes=\"(max-width: 300px) 100vw, 300px\" \/><\/a><div class=\"eael-product-title\">\n    <a href=\"https:\/\/mokaefti.ch\/fr\/boutique\/capsules-pittissima-decafeine-en-aluminium\/\" class=\"woocommerce-LoopProduct-link woocommerce-loop-product__link\"><h2 class=\"woocommerce-loop-product__title\">CAPSULES PITTISSIMA ESPRESSO D\u00c9CAF\u00c9IN\u00c9 EN ALUMINIUM<\/h2><\/a>\n    <\/div><div class=\"eael-product-price\"><span class=\"woocommerce-Price-amount amount\"><bdi><span class=\"woocommerce-Price-currencySymbol\">&#67;&#72;&#70;<\/span>4.80<\/bdi><\/span><\/div>    <a href=\"\/fr\/wp-json\/wp\/v2\/pages\/21465?add-to-cart=21260\" aria-describedby=\"woocommerce_loop_add_to_cart_link_describedby_21260\" data-quantity=\"1\" class=\"button product_type_simple add_to_cart_button ajax_add_to_cart\" data-product_id=\"21260\" data-product_sku=\"5418\" aria-label=\"Ajouter au panier\u00a0: &ldquo;CAPSULES PITTISSIMA ESPRESSO D\u00c9CAF\u00c9IN\u00c9 EN ALUMINIUM&rdquo;\" rel=\"nofollow\" data-success_message=\"\u00ab\u00a0CAPSULES PITTISSIMA ESPRESSO D\u00c9CAF\u00c9IN\u00c9 EN ALUMINIUM\u00a0\u00bb a \u00e9t\u00e9 ajout\u00e9 \u00e0 votre panier\" role=\"button\">Ajouter au panier<\/a>\t<span id=\"woocommerce_loop_add_to_cart_link_describedby_21260\" class=\"screen-reader-text\">\n\t\t\t<\/span>\n    \n<\/div>\n\n<\/li> <li class=\"product \">\n<div class=\"eael-product-wrap\" data-src=\"\" data-src-hover=\"\">\n    <a href=\"https:\/\/mokaefti.ch\/fr\/boutique\/decaefti-cafe-en-grains-250g\/\" class=\"woocommerce-LoopProduct-link woocommerce-loop-product__link\"><img decoding=\"async\" width=\"300\" height=\"300\" src=\"https:\/\/mokaefti.ch\/wp-content\/uploads\/2022\/09\/11-300x300.png\" class=\"attachment-woocommerce_thumbnail size-woocommerce_thumbnail wvs-archive-product-image\" alt=\"Decaefti en grains 250 gr.\" loading=\"eager\" srcset=\"https:\/\/mokaefti.ch\/wp-content\/uploads\/2022\/09\/11-300x300.png 300w, https:\/\/mokaefti.ch\/wp-content\/uploads\/2022\/09\/11-1024x1024.png 1024w, https:\/\/mokaefti.ch\/wp-content\/uploads\/2022\/09\/11-150x150.png 150w, https:\/\/mokaefti.ch\/wp-content\/uploads\/2022\/09\/11-768x768.png 768w, https:\/\/mokaefti.ch\/wp-content\/uploads\/2022\/09\/11-600x600.png 600w, https:\/\/mokaefti.ch\/wp-content\/uploads\/2022\/09\/11-100x100.png 100w, https:\/\/mokaefti.ch\/wp-content\/uploads\/2022\/09\/11.png 1080w\" sizes=\"(max-width: 300px) 100vw, 300px\" \/><\/a><div class=\"eael-product-title\">\n    <a href=\"https:\/\/mokaefti.ch\/fr\/boutique\/decaefti-cafe-en-grains-250g\/\" class=\"woocommerce-LoopProduct-link woocommerce-loop-product__link\"><h2 class=\"woocommerce-loop-product__title\">D\u00c9CAF\u00c9IN\u00c9 EN GRAINS 250G<\/h2><\/a>\n    <\/div><div class=\"eael-product-price\"><span class=\"woocommerce-Price-amount amount\"><bdi><span class=\"woocommerce-Price-currencySymbol\">&#67;&#72;&#70;<\/span>8.00<\/bdi><\/span><\/div>    <a href=\"\/fr\/wp-json\/wp\/v2\/pages\/21465?add-to-cart=21357\" aria-describedby=\"woocommerce_loop_add_to_cart_link_describedby_21357\" data-quantity=\"1\" class=\"button product_type_simple add_to_cart_button ajax_add_to_cart\" data-product_id=\"21357\" data-product_sku=\"80251\" aria-label=\"Ajouter au panier\u00a0: &ldquo;D\u00c9CAF\u00c9IN\u00c9 EN GRAINS 250G&rdquo;\" rel=\"nofollow\" data-success_message=\"\u00ab\u00a0D\u00c9CAF\u00c9IN\u00c9 EN GRAINS 250G\u00a0\u00bb a \u00e9t\u00e9 ajout\u00e9 \u00e0 votre panier\" role=\"button\">Ajouter au panier<\/a>\t<span id=\"woocommerce_loop_add_to_cart_link_describedby_21357\" class=\"screen-reader-text\">\n\t\t\t<\/span>\n    \n<\/div>\n\n<\/li> <li class=\"product \">\n<div class=\"eael-product-wrap\" data-src=\"\" data-src-hover=\"\">\n    <a href=\"https:\/\/mokaefti.ch\/fr\/boutique\/decaefti-cafe-moulu-250g\/\" class=\"woocommerce-LoopProduct-link woocommerce-loop-product__link\"><img decoding=\"async\" width=\"300\" height=\"300\" src=\"https:\/\/mokaefti.ch\/wp-content\/uploads\/2022\/09\/26-300x300.png\" class=\"attachment-woocommerce_thumbnail size-woocommerce_thumbnail wvs-archive-product-image\" alt=\"Bio Fairtrade moulu 250g\" loading=\"eager\" srcset=\"https:\/\/mokaefti.ch\/wp-content\/uploads\/2022\/09\/26-300x300.png 300w, https:\/\/mokaefti.ch\/wp-content\/uploads\/2022\/09\/26-1024x1024.png 1024w, https:\/\/mokaefti.ch\/wp-content\/uploads\/2022\/09\/26-150x150.png 150w, https:\/\/mokaefti.ch\/wp-content\/uploads\/2022\/09\/26-768x768.png 768w, https:\/\/mokaefti.ch\/wp-content\/uploads\/2022\/09\/26-600x600.png 600w, https:\/\/mokaefti.ch\/wp-content\/uploads\/2022\/09\/26-100x100.png 100w, https:\/\/mokaefti.ch\/wp-content\/uploads\/2022\/09\/26.png 1080w\" sizes=\"(max-width: 300px) 100vw, 300px\" \/><\/a><div class=\"eael-product-title\">\n    <a href=\"https:\/\/mokaefti.ch\/fr\/boutique\/decaefti-cafe-moulu-250g\/\" class=\"woocommerce-LoopProduct-link woocommerce-loop-product__link\"><h2 class=\"woocommerce-loop-product__title\">D\u00c9CAF\u00c9IN\u00c9 MOULU 250G<\/h2><\/a>\n    <\/div><div class=\"eael-product-price\"><span class=\"woocommerce-Price-amount amount\"><bdi><span class=\"woocommerce-Price-currencySymbol\">&#67;&#72;&#70;<\/span>8.50<\/bdi><\/span><\/div>    <a href=\"\/fr\/wp-json\/wp\/v2\/pages\/21465?add-to-cart=21351\" aria-describedby=\"woocommerce_loop_add_to_cart_link_describedby_21351\" data-quantity=\"1\" class=\"button product_type_simple add_to_cart_button ajax_add_to_cart\" data-product_id=\"21351\" data-product_sku=\"82251\" aria-label=\"Ajouter au panier\u00a0: &ldquo;D\u00c9CAF\u00c9IN\u00c9 MOULU 250G&rdquo;\" rel=\"nofollow\" data-success_message=\"\u00ab\u00a0D\u00c9CAF\u00c9IN\u00c9 MOULU 250G\u00a0\u00bb a \u00e9t\u00e9 ajout\u00e9 \u00e0 votre panier\" role=\"button\">Ajouter au panier<\/a>\t<span id=\"woocommerce_loop_add_to_cart_link_describedby_21351\" class=\"screen-reader-text\">\n\t\t\t<\/span>\n    \n<\/div>\n\n<\/li> <li class=\"product \">\n<div class=\"eael-product-wrap\" data-src=\"\" data-src-hover=\"\">\n    <a href=\"https:\/\/mokaefti.ch\/fr\/boutique\/decaefti-cafe-en-grains-500g\/\" class=\"woocommerce-LoopProduct-link woocommerce-loop-product__link\"><img decoding=\"async\" width=\"300\" height=\"300\" src=\"https:\/\/mokaefti.ch\/wp-content\/uploads\/2022\/09\/10-300x300.png\" class=\"attachment-woocommerce_thumbnail size-woocommerce_thumbnail wvs-archive-product-image\" alt=\"Decaefti en grains 500 gr.\" loading=\"eager\" srcset=\"https:\/\/mokaefti.ch\/wp-content\/uploads\/2022\/09\/10-300x300.png 300w, https:\/\/mokaefti.ch\/wp-content\/uploads\/2022\/09\/10-1024x1024.png 1024w, https:\/\/mokaefti.ch\/wp-content\/uploads\/2022\/09\/10-150x150.png 150w, https:\/\/mokaefti.ch\/wp-content\/uploads\/2022\/09\/10-768x768.png 768w, https:\/\/mokaefti.ch\/wp-content\/uploads\/2022\/09\/10-600x600.png 600w, https:\/\/mokaefti.ch\/wp-content\/uploads\/2022\/09\/10-100x100.png 100w, https:\/\/mokaefti.ch\/wp-content\/uploads\/2022\/09\/10.png 1080w\" sizes=\"(max-width: 300px) 100vw, 300px\" \/><\/a><div class=\"eael-product-title\">\n    <a href=\"https:\/\/mokaefti.ch\/fr\/boutique\/decaefti-cafe-en-grains-500g\/\" class=\"woocommerce-LoopProduct-link woocommerce-loop-product__link\"><h2 class=\"woocommerce-loop-product__title\">D\u00c9CAF\u00c9IN\u00c9 EN GRAINS 500G<\/h2><\/a>\n    <\/div><div class=\"eael-product-price\"><span class=\"woocommerce-Price-amount amount\"><bdi><span class=\"woocommerce-Price-currencySymbol\">&#67;&#72;&#70;<\/span>15.30<\/bdi><\/span><\/div>    <a href=\"\/fr\/wp-json\/wp\/v2\/pages\/21465?add-to-cart=21360\" aria-describedby=\"woocommerce_loop_add_to_cart_link_describedby_21360\" data-quantity=\"1\" class=\"button product_type_simple add_to_cart_button ajax_add_to_cart\" data-product_id=\"21360\" data-product_sku=\"80051\" aria-label=\"Ajouter au panier\u00a0: &ldquo;D\u00c9CAF\u00c9IN\u00c9 EN GRAINS 500G&rdquo;\" rel=\"nofollow\" data-success_message=\"\u00ab\u00a0D\u00c9CAF\u00c9IN\u00c9 EN GRAINS 500G\u00a0\u00bb a \u00e9t\u00e9 ajout\u00e9 \u00e0 votre panier\" role=\"button\">Ajouter au panier<\/a>\t<span id=\"woocommerce_loop_add_to_cart_link_describedby_21360\" class=\"screen-reader-text\">\n\t\t\t<\/span>\n    \n<\/div>\n\n<\/li> <li class=\"product \">\n<div class=\"eael-product-wrap\" data-src=\"\" data-src-hover=\"\">\n    <a href=\"https:\/\/mokaefti.ch\/fr\/boutique\/decaefti-cafe-moulu-500g\/\" class=\"woocommerce-LoopProduct-link woocommerce-loop-product__link\"><img decoding=\"async\" width=\"300\" height=\"300\" src=\"https:\/\/mokaefti.ch\/wp-content\/uploads\/2022\/09\/25-300x300.png\" class=\"attachment-woocommerce_thumbnail size-woocommerce_thumbnail wvs-archive-product-image\" alt=\"Decaefti caf\u00e9 moulu 500g\" loading=\"eager\" srcset=\"https:\/\/mokaefti.ch\/wp-content\/uploads\/2022\/09\/25-300x300.png 300w, https:\/\/mokaefti.ch\/wp-content\/uploads\/2022\/09\/25-1024x1024.png 1024w, https:\/\/mokaefti.ch\/wp-content\/uploads\/2022\/09\/25-150x150.png 150w, https:\/\/mokaefti.ch\/wp-content\/uploads\/2022\/09\/25-768x768.png 768w, https:\/\/mokaefti.ch\/wp-content\/uploads\/2022\/09\/25-600x600.png 600w, https:\/\/mokaefti.ch\/wp-content\/uploads\/2022\/09\/25-100x100.png 100w, https:\/\/mokaefti.ch\/wp-content\/uploads\/2022\/09\/25.png 1080w\" sizes=\"(max-width: 300px) 100vw, 300px\" \/><\/a><div class=\"eael-product-title\">\n    <a href=\"https:\/\/mokaefti.ch\/fr\/boutique\/decaefti-cafe-moulu-500g\/\" class=\"woocommerce-LoopProduct-link woocommerce-loop-product__link\"><h2 class=\"woocommerce-loop-product__title\">D\u00c9CAF\u00c9IN\u00c9 MOULU 500G<\/h2><\/a>\n    <\/div><div class=\"eael-product-price\"><span class=\"woocommerce-Price-amount amount\"><bdi><span class=\"woocommerce-Price-currencySymbol\">&#67;&#72;&#70;<\/span>15.40<\/bdi><\/span><\/div>    <a href=\"\/fr\/wp-json\/wp\/v2\/pages\/21465?add-to-cart=21354\" aria-describedby=\"woocommerce_loop_add_to_cart_link_describedby_21354\" data-quantity=\"1\" class=\"button product_type_simple add_to_cart_button ajax_add_to_cart\" data-product_id=\"21354\" data-product_sku=\"82051\" aria-label=\"Ajouter au panier\u00a0: &ldquo;D\u00c9CAF\u00c9IN\u00c9 MOULU 500G&rdquo;\" rel=\"nofollow\" data-success_message=\"\u00ab\u00a0D\u00c9CAF\u00c9IN\u00c9 MOULU 500G\u00a0\u00bb a \u00e9t\u00e9 ajout\u00e9 \u00e0 votre panier\" role=\"button\">Ajouter au panier<\/a>\t<span id=\"woocommerce_loop_add_to_cart_link_describedby_21354\" class=\"screen-reader-text\">\n\t\t\t<\/span>\n    \n<\/div>\n\n<\/li> <li class=\"product \">\n<div class=\"eael-product-wrap\" data-src=\"\" data-src-hover=\"\">\n    <a href=\"https:\/\/mokaefti.ch\/fr\/boutique\/sachets-a-dose-individuelle-decaefti\/\" class=\"woocommerce-LoopProduct-link woocommerce-loop-product__link\"><img decoding=\"async\" width=\"300\" height=\"300\" src=\"https:\/\/mokaefti.ch\/wp-content\/uploads\/2022\/09\/mok_decaefti_monodose_326_g_57_1-300x300.png\" class=\"attachment-woocommerce_thumbnail size-woocommerce_thumbnail wvs-archive-product-image\" alt=\"Entkoffeinierter Kaffee\" loading=\"eager\" srcset=\"https:\/\/mokaefti.ch\/wp-content\/uploads\/2022\/09\/mok_decaefti_monodose_326_g_57_1-300x300.png 300w, https:\/\/mokaefti.ch\/wp-content\/uploads\/2022\/09\/mok_decaefti_monodose_326_g_57_1-150x150.png 150w, https:\/\/mokaefti.ch\/wp-content\/uploads\/2022\/09\/mok_decaefti_monodose_326_g_57_1-560x560.png 560w, https:\/\/mokaefti.ch\/wp-content\/uploads\/2022\/09\/mok_decaefti_monodose_326_g_57_1-600x600.png 600w, https:\/\/mokaefti.ch\/wp-content\/uploads\/2022\/09\/mok_decaefti_monodose_326_g_57_1-100x100.png 100w, https:\/\/mokaefti.ch\/wp-content\/uploads\/2022\/09\/mok_decaefti_monodose_326_g_57_1.png 700w\" sizes=\"(max-width: 300px) 100vw, 300px\" \/><\/a><div class=\"eael-product-title\">\n    <a href=\"https:\/\/mokaefti.ch\/fr\/boutique\/sachets-a-dose-individuelle-decaefti\/\" class=\"woocommerce-LoopProduct-link woocommerce-loop-product__link\"><h2 class=\"woocommerce-loop-product__title\">SACHETS INDIVIDUELLES DE CAF\u00c9 D\u00c9CAF\u00c9IN\u00c9<\/h2><\/a>\n    <\/div><div class=\"eael-product-price\"><span class=\"woocommerce-Price-amount amount\"><bdi><span class=\"woocommerce-Price-currencySymbol\">&#67;&#72;&#70;<\/span>28.50<\/bdi><\/span><\/div>    <a href=\"\/fr\/wp-json\/wp\/v2\/pages\/21465?add-to-cart=21301\" aria-describedby=\"woocommerce_loop_add_to_cart_link_describedby_21301\" data-quantity=\"1\" class=\"button product_type_simple add_to_cart_button ajax_add_to_cart\" data-product_id=\"21301\" data-product_sku=\"900000\" aria-label=\"Ajouter au panier\u00a0: &ldquo;SACHETS INDIVIDUELLES DE CAF\u00c9 D\u00c9CAF\u00c9IN\u00c9&rdquo;\" rel=\"nofollow\" data-success_message=\"\u00ab\u00a0SACHETS INDIVIDUELLES DE CAF\u00c9 D\u00c9CAF\u00c9IN\u00c9\u00a0\u00bb a \u00e9t\u00e9 ajout\u00e9 \u00e0 votre panier\" role=\"button\">Ajouter au panier<\/a>\t<span id=\"woocommerce_loop_add_to_cart_link_describedby_21301\" class=\"screen-reader-text\">\n\t\t\t<\/span>\n    \n<\/div>\n\n<\/li> <li class=\"product \">\n<div class=\"eael-product-wrap\" data-src=\"\" data-src-hover=\"\">\n    <a href=\"https:\/\/mokaefti.ch\/fr\/boutique\/capsules-cafe-decafeine\/\" class=\"woocommerce-LoopProduct-link woocommerce-loop-product__link\"><img decoding=\"async\" width=\"300\" height=\"300\" src=\"https:\/\/mokaefti.ch\/wp-content\/uploads\/2022\/09\/mok_decaffeinato_100_capsule_30_1-300x300.png\" class=\"attachment-woocommerce_thumbnail size-woocommerce_thumbnail wvs-archive-product-image\" alt=\"Espresso Point\" loading=\"eager\" srcset=\"https:\/\/mokaefti.ch\/wp-content\/uploads\/2022\/09\/mok_decaffeinato_100_capsule_30_1-300x300.png 300w, https:\/\/mokaefti.ch\/wp-content\/uploads\/2022\/09\/mok_decaffeinato_100_capsule_30_1-150x150.png 150w, https:\/\/mokaefti.ch\/wp-content\/uploads\/2022\/09\/mok_decaffeinato_100_capsule_30_1-560x560.png 560w, https:\/\/mokaefti.ch\/wp-content\/uploads\/2022\/09\/mok_decaffeinato_100_capsule_30_1-600x600.png 600w, https:\/\/mokaefti.ch\/wp-content\/uploads\/2022\/09\/mok_decaffeinato_100_capsule_30_1-100x100.png 100w, https:\/\/mokaefti.ch\/wp-content\/uploads\/2022\/09\/mok_decaffeinato_100_capsule_30_1.png 700w\" sizes=\"(max-width: 300px) 100vw, 300px\" \/><\/a><div class=\"eael-product-title\">\n    <a href=\"https:\/\/mokaefti.ch\/fr\/boutique\/capsules-cafe-decafeine\/\" class=\"woocommerce-LoopProduct-link woocommerce-loop-product__link\"><h2 class=\"woocommerce-loop-product__title\">CAPSULES D\u00c9CAF\u00c9IN\u00c9<\/h2><\/a>\n    <\/div><div class=\"eael-product-price\"><span class=\"woocommerce-Price-amount amount\"><bdi><span class=\"woocommerce-Price-currencySymbol\">&#67;&#72;&#70;<\/span>46.50<\/bdi><\/span><\/div>    <a href=\"\/fr\/wp-json\/wp\/v2\/pages\/21465?add-to-cart=21278\" aria-describedby=\"woocommerce_loop_add_to_cart_link_describedby_21278\" data-quantity=\"1\" class=\"button product_type_simple add_to_cart_button ajax_add_to_cart\" data-product_id=\"21278\" data-product_sku=\"900143\" aria-label=\"Ajouter au panier\u00a0: &ldquo;CAPSULES D\u00c9CAF\u00c9IN\u00c9&rdquo;\" rel=\"nofollow\" data-success_message=\"\u00ab\u00a0CAPSULES D\u00c9CAF\u00c9IN\u00c9\u00a0\u00bb a \u00e9t\u00e9 ajout\u00e9 \u00e0 votre panier\" role=\"button\">Ajouter au panier<\/a>\t<span id=\"woocommerce_loop_add_to_cart_link_describedby_21278\" class=\"screen-reader-text\">\n\t\t\t<\/span>\n    \n<\/div>\n\n<\/li> <li class=\"product \">\n<div class=\"eael-product-wrap\" data-src=\"\" data-src-hover=\"\">\n    <a href=\"https:\/\/mokaefti.ch\/fr\/boutique\/decaefti-dosettes-de-cafe-decafeine\/\" class=\"woocommerce-LoopProduct-link woocommerce-loop-product__link\"><img decoding=\"async\" width=\"300\" height=\"300\" src=\"https:\/\/mokaefti.ch\/wp-content\/uploads\/2022\/09\/900045_Decaefti-300x300.jpg\" class=\"attachment-woocommerce_thumbnail size-woocommerce_thumbnail wvs-archive-product-image\" alt=\"Entkoffeinierte Einzelportionen-Pads\" loading=\"eager\" srcset=\"https:\/\/mokaefti.ch\/wp-content\/uploads\/2022\/09\/900045_Decaefti-300x300.jpg 300w, https:\/\/mokaefti.ch\/wp-content\/uploads\/2022\/09\/900045_Decaefti-150x150.jpg 150w, https:\/\/mokaefti.ch\/wp-content\/uploads\/2022\/09\/900045_Decaefti-560x560.jpg 560w, https:\/\/mokaefti.ch\/wp-content\/uploads\/2022\/09\/900045_Decaefti-600x600.jpg 600w, https:\/\/mokaefti.ch\/wp-content\/uploads\/2022\/09\/900045_Decaefti-100x100.jpg 100w, https:\/\/mokaefti.ch\/wp-content\/uploads\/2022\/09\/900045_Decaefti.jpg 700w\" sizes=\"(max-width: 300px) 100vw, 300px\" \/><\/a><div class=\"eael-product-title\">\n    <a href=\"https:\/\/mokaefti.ch\/fr\/boutique\/decaefti-dosettes-de-cafe-decafeine\/\" class=\"woocommerce-LoopProduct-link woocommerce-loop-product__link\"><h2 class=\"woocommerce-loop-product__title\">DOSETTES D\u00c9CAF\u00c9IN\u00c9<\/h2><\/a>\n    <\/div><div class=\"eael-product-price\"><span class=\"woocommerce-Price-amount amount\"><bdi><span class=\"woocommerce-Price-currencySymbol\">&#67;&#72;&#70;<\/span>49.90<\/bdi><\/span><\/div>    <a href=\"\/fr\/wp-json\/wp\/v2\/pages\/21465?add-to-cart=21314\" aria-describedby=\"woocommerce_loop_add_to_cart_link_describedby_21314\" data-quantity=\"1\" class=\"button product_type_simple add_to_cart_button ajax_add_to_cart\" data-product_id=\"21314\" data-product_sku=\"900045\" aria-label=\"Ajouter au panier\u00a0: &ldquo;DOSETTES D\u00c9CAF\u00c9IN\u00c9&rdquo;\" rel=\"nofollow\" data-success_message=\"\u00ab\u00a0DOSETTES D\u00c9CAF\u00c9IN\u00c9\u00a0\u00bb a \u00e9t\u00e9 ajout\u00e9 \u00e0 votre panier\" role=\"button\">Ajouter au panier<\/a>\t<span id=\"woocommerce_loop_add_to_cart_link_describedby_21314\" class=\"screen-reader-text\">\n\t\t\t<\/span>\n    \n<\/div>\n\n<\/li><\/ul>            <\/div>\n        <\/div>\n\n        <script type=\"text\/javascript\">\n            jQuery(document).ready(function($) {\n                var $scope = jQuery(\".elementor-element-643de225\");\n                var $products = $('.products', $scope);\n                var $layout_mode = $products.data('layout-mode');\n                \n                if ( $layout_mode === 'masonry' ) {\n                    \/\/ init isotope\n                    var $isotope_products = $products.isotope({\n                        itemSelector: \"li.product\",\n                        layoutMode: $layout_mode,\n                        percentPosition: true\n                    });\n\n                    $isotope_products.imagesLoaded().progress( function() {\n                        $isotope_products.isotope('layout');\n                    })\n                    \n                }\n            });\n        <\/script>\n        \t\t\t\t<\/div>\n\t\t\t\t\t<\/div>\n\t\t<\/div>\n\t\t\t\t\t<\/div>\n\t\t<\/section>\n\t\t\t\t<\/div>\n\t\t","protected":false},"excerpt":{"rendered":"<p>CAPSULE PITTISSIMA DECAFFEINATO IN ALLUMINIO &#67;&#72;&#70;&nbsp;4.80 Aggiungi al carrello DECAEFTI CAFF\u00c8 IN GRANI 250G &#67;&#72;&#70;&nbsp;8.00 Aggiungi al carrello DECAEFTI CAFF\u00c8 MACINATO 250G &#67;&#72;&#70;&nbsp;8.50 Aggiungi al carrello DECAEFTI CAFF\u00c8 IN GRANI 500G &#67;&#72;&#70;&nbsp;15.30 Aggiungi al carrello DECAEFTI CAFF\u00c8 MACINATO 500G &#67;&#72;&#70;&nbsp;15.40 Aggiungi al carrello DECAEFTI BUSTINE MONODOSE &#67;&#72;&#70;&nbsp;28.50 Aggiungi al carrello CAPSULE CAFF\u00c8 DECAFFEINATO &#67;&#72;&#70;&nbsp;46.50 Aggiungi al carrello DECAEFTI CIALDE DI CAFF\u00c8 DECAFFEINATO &#67;&#72;&#70;&nbsp;49.90 Aggiungi al carrello<\/p>\n","protected":false},"author":12,"featured_media":0,"parent":0,"menu_order":0,"comment_status":"closed","ping_status":"closed","template":"elementor_header_footer","meta":{"_acf_changed":false,"_eb_attr":"","inline_featured_image":false,"footnotes":""},"folder":[348],"class_list":["post-21465","page","type-page","status-publish","hentry"],"acf":[],"aioseo_notices":[],"_links":{"self":[{"href":"https:\/\/mokaefti.ch\/fr\/wp-json\/wp\/v2\/pages\/21465","targetHints":{"allow":["GET"]}}],"collection":[{"href":"https:\/\/mokaefti.ch\/fr\/wp-json\/wp\/v2\/pages"}],"about":[{"href":"https:\/\/mokaefti.ch\/fr\/wp-json\/wp\/v2\/types\/page"}],"author":[{"embeddable":true,"href":"https:\/\/mokaefti.ch\/fr\/wp-json\/wp\/v2\/users\/12"}],"replies":[{"embeddable":true,"href":"https:\/\/mokaefti.ch\/fr\/wp-json\/wp\/v2\/comments?post=21465"}],"version-history":[{"count":0,"href":"https:\/\/mokaefti.ch\/fr\/wp-json\/wp\/v2\/pages\/21465\/revisions"}],"wp:attachment":[{"href":"https:\/\/mokaefti.ch\/fr\/wp-json\/wp\/v2\/media?parent=21465"}],"wp:term":[{"taxonomy":"folder","embeddable":true,"href":"https:\/\/mokaefti.ch\/fr\/wp-json\/wp\/v2\/folder?post=21465"}],"curies":[{"name":"wp","href":"https:\/\/api.w.org\/{rel}","templated":true}]}}