{"id":24814,"date":"2022-08-11T14:03:14","date_gmt":"2022-08-11T12:03:14","guid":{"rendered":"https:\/\/mokaefti.ch\/histoire-de-moka-efti\/"},"modified":"2026-02-25T14:50:13","modified_gmt":"2026-02-25T13:50:13","slug":"histoire-de-moka-efti","status":"publish","type":"page","link":"https:\/\/mokaefti.ch\/fr\/histoire-de-moka-efti\/","title":{"rendered":"Histoire de Moka Efti"},"content":{"rendered":"\t\t<div data-elementor-type=\"wp-page\" data-elementor-id=\"24814\" class=\"elementor elementor-24814 elementor-393\" data-elementor-post-type=\"page\">\n\t\t\t\t\t\t<section data-particle_enable=\"false\" data-particle-mobile-disabled=\"false\" class=\"elementor-section elementor-top-section elementor-element elementor-element-fcbab0a elementor-section-full_width elementor-section-height-default elementor-section-height-default wpr-particle-no wpr-jarallax-no wpr-parallax-no wpr-sticky-section-no wpr-equal-height-no\" data-id=\"fcbab0a\" data-element_type=\"section\" data-e-type=\"section\" data-settings=\"{&quot;background_background&quot;:&quot;video&quot;,&quot;background_video_link&quot;:&quot;\\\/wp-content\\\/uploads\\\/2022\\\/08\\\/video_home.mp4&quot;}\">\n\t\t\t\t\t\t\t\t<div class=\"elementor-background-video-container elementor-hidden-mobile\">\n\t\t\t\t\t\t\t\t\t\t\t\t\t<video class=\"elementor-background-video-hosted\" role=\"presentation\" autoplay muted playsinline loop><\/video>\n\t\t\t\t\t\t\t\t\t\t\t<\/div>\n\t\t\t\t\t\t\t\t<div class=\"elementor-container elementor-column-gap-default\">\n\t\t\t\t\t<div class=\"elementor-column elementor-col-100 elementor-top-column elementor-element elementor-element-620561ed elementor-invisible\" data-id=\"620561ed\" data-element_type=\"column\" data-e-type=\"column\" data-settings=\"{&quot;animation&quot;:&quot;zoomIn&quot;}\">\n\t\t\t<div class=\"elementor-widget-wrap elementor-element-populated\">\n\t\t\t\t\t\t<div class=\"elementor-element elementor-element-a65d3f1 elementor-widget elementor-widget-image\" data-id=\"a65d3f1\" data-element_type=\"widget\" data-e-type=\"widget\" data-widget_type=\"image.default\">\n\t\t\t\t\t\t\t\t\t\t\t\t\t\t\t<img fetchpriority=\"high\" decoding=\"async\" width=\"354\" height=\"234\" src=\"https:\/\/mokaefti.ch\/wp-content\/uploads\/2022\/07\/Logo-storico.png\" class=\"attachment-large size-large wp-image-1069\" alt=\"Logo historique moka efti\" srcset=\"https:\/\/mokaefti.ch\/wp-content\/uploads\/2022\/07\/Logo-storico.png 354w, https:\/\/mokaefti.ch\/wp-content\/uploads\/2022\/07\/Logo-storico-300x198.png 300w\" sizes=\"(max-width: 354px) 100vw, 354px\" \/>\t\t\t\t\t\t\t\t\t\t\t\t\t\t\t<\/div>\n\t\t\t\t<div class=\"elementor-element elementor-element-2831291 elementor-widget elementor-widget-heading\" data-id=\"2831291\" data-element_type=\"widget\" data-e-type=\"widget\" data-widget_type=\"heading.default\">\n\t\t\t\t\t<h1 class=\"elementor-heading-title elementor-size-default\">Une histoire qui vient de loin<\/h1>\t\t\t\t<\/div>\n\t\t\t\t<div class=\"elementor-element elementor-element-74b2406c elementor-widget elementor-widget-heading\" data-id=\"74b2406c\" data-element_type=\"widget\" data-e-type=\"widget\" data-widget_type=\"heading.default\">\n\t\t\t\t\t<h3 class=\"elementor-heading-title elementor-size-default\">c'\u00e9tait en 1930<\/h3>\t\t\t\t<\/div>\n\t\t\t\t\t<\/div>\n\t\t<\/div>\n\t\t\t\t\t<\/div>\n\t\t<\/section>\n\t\t\t\t<section data-particle_enable=\"false\" data-particle-mobile-disabled=\"false\" class=\"elementor-section elementor-top-section elementor-element elementor-element-6aaa464b elementor-section-content-middle elementor-section-full_width elementor-section-height-default elementor-section-height-default wpr-particle-no wpr-jarallax-no wpr-parallax-no wpr-sticky-section-no wpr-equal-height-no elementor-invisible\" data-id=\"6aaa464b\" data-element_type=\"section\" data-e-type=\"section\" id=\"timeline_section\" data-settings=\"{&quot;animation&quot;:&quot;fadeInUp&quot;,&quot;background_background&quot;:&quot;classic&quot;}\">\n\t\t\t\t\t\t<div class=\"elementor-container elementor-column-gap-no\">\n\t\t\t\t\t<div class=\"elementor-column elementor-col-100 elementor-top-column elementor-element elementor-element-3555c35a\" data-id=\"3555c35a\" data-element_type=\"column\" data-e-type=\"column\" data-settings=\"{&quot;background_background&quot;:&quot;gradient&quot;}\">\n\t\t\t<div class=\"elementor-widget-wrap elementor-element-populated\">\n\t\t\t\t\t<div class=\"elementor-background-overlay\"><\/div>\n\t\t\t\t\t\t<section data-particle_enable=\"false\" data-particle-mobile-disabled=\"false\" class=\"elementor-section elementor-inner-section elementor-element elementor-element-1bebb30f elementor-section-boxed elementor-section-height-default elementor-section-height-default wpr-particle-no wpr-jarallax-no wpr-parallax-no wpr-sticky-section-no wpr-equal-height-no\" data-id=\"1bebb30f\" data-element_type=\"section\" data-e-type=\"section\">\n\t\t\t\t\t\t<div class=\"elementor-container elementor-column-gap-default\">\n\t\t\t\t\t<div class=\"elementor-column elementor-col-33 elementor-inner-column elementor-element elementor-element-2a7de127\" data-id=\"2a7de127\" data-element_type=\"column\" data-e-type=\"column\">\n\t\t\t<div class=\"elementor-widget-wrap elementor-element-populated\">\n\t\t\t\t\t\t<div class=\"elementor-element elementor-element-236b85a2 elementor-widget elementor-widget-heading\" data-id=\"236b85a2\" data-element_type=\"widget\" data-e-type=\"widget\" data-widget_type=\"heading.default\">\n\t\t\t\t\t<h3 class=\"elementor-heading-title elementor-size-default\">LES ANNEES 30 ET 40<\/h3>\t\t\t\t<\/div>\n\t\t\t\t\t<\/div>\n\t\t<\/div>\n\t\t\t\t<div class=\"elementor-column elementor-col-66 elementor-inner-column elementor-element elementor-element-2ce7681\" data-id=\"2ce7681\" data-element_type=\"column\" data-e-type=\"column\">\n\t\t\t<div class=\"elementor-widget-wrap elementor-element-populated\">\n\t\t\t\t\t\t<div class=\"elementor-element elementor-element-4b5db03b elementor-widget elementor-widget-heading\" data-id=\"4b5db03b\" data-element_type=\"widget\" data-e-type=\"widget\" data-widget_type=\"heading.default\">\n\t\t\t\t\t<h3 class=\"elementor-heading-title elementor-size-default\">Angelo Monti<\/h3>\t\t\t\t<\/div>\n\t\t\t\t<div class=\"elementor-element elementor-element-36b2c761 elementor-widget elementor-widget-text-editor\" data-id=\"36b2c761\" data-element_type=\"widget\" data-e-type=\"widget\" data-widget_type=\"text-editor.default\">\n\t\t\t\t\t\t\t\t\t<p>C&rsquo;est en 1930 qu&rsquo;Angelo Monti, avec une grande audace et un esprit entrepreneurial, reprend <b>Moka Efti<\/b>, active dans toute l&rsquo;Europe dans l&rsquo;importation et la torr\u00e9faction du caf\u00e9, afin de d\u00e9velopper la distribution du produit sur tout le territoire italien et de l\u00e0, gr\u00e2ce \u00e0 une attention particuli\u00e8re et \u00e0 des investissements cibl\u00e9s, soutenir les exportations en Europe comme dans le reste du monde.<\/p>\t\t\t\t\t\t\t\t<\/div>\n\t\t\t\t\t<\/div>\n\t\t<\/div>\n\t\t\t\t\t<\/div>\n\t\t<\/section>\n\t\t\t\t<div class=\"elementor-element elementor-element-2e4845a elementor-invisible elementor-widget elementor-widget-image\" data-id=\"2e4845a\" data-element_type=\"widget\" data-e-type=\"widget\" data-settings=\"{&quot;_animation&quot;:&quot;fadeInDown&quot;}\" data-widget_type=\"image.default\">\n\t\t\t\t\t\t\t\t\t\t\t\t\t\t\t<img decoding=\"async\" width=\"800\" height=\"398\" src=\"https:\/\/mokaefti.ch\/wp-content\/uploads\/2025\/10\/la-storia_old-1024x510.webp\" class=\"attachment-large size-large wp-image-24708\" alt=\"\" srcset=\"https:\/\/mokaefti.ch\/wp-content\/uploads\/2025\/10\/la-storia_old-1024x510.webp 1024w, https:\/\/mokaefti.ch\/wp-content\/uploads\/2025\/10\/la-storia_old-300x150.webp 300w, https:\/\/mokaefti.ch\/wp-content\/uploads\/2025\/10\/la-storia_old-768x383.webp 768w, https:\/\/mokaefti.ch\/wp-content\/uploads\/2025\/10\/la-storia_old-1536x766.webp 1536w, https:\/\/mokaefti.ch\/wp-content\/uploads\/2025\/10\/la-storia_old-600x299.jpg 600w, https:\/\/mokaefti.ch\/wp-content\/uploads\/2025\/10\/la-storia_old.webp 1655w\" sizes=\"(max-width: 800px) 100vw, 800px\" \/>\t\t\t\t\t\t\t\t\t\t\t\t\t\t\t<\/div>\n\t\t\t\t<section data-particle_enable=\"false\" data-particle-mobile-disabled=\"false\" class=\"elementor-section elementor-inner-section elementor-element elementor-element-6f0849e elementor-section-boxed elementor-section-height-default elementor-section-height-default wpr-particle-no wpr-jarallax-no wpr-parallax-no wpr-sticky-section-no wpr-equal-height-no\" data-id=\"6f0849e\" data-element_type=\"section\" data-e-type=\"section\">\n\t\t\t\t\t\t<div class=\"elementor-container elementor-column-gap-default\">\n\t\t\t\t\t<div class=\"elementor-column elementor-col-33 elementor-inner-column elementor-element elementor-element-f692c2e\" data-id=\"f692c2e\" data-element_type=\"column\" data-e-type=\"column\">\n\t\t\t<div class=\"elementor-widget-wrap elementor-element-populated\">\n\t\t\t\t\t\t<div class=\"elementor-element elementor-element-f36b82d elementor-widget elementor-widget-heading\" data-id=\"f36b82d\" data-element_type=\"widget\" data-e-type=\"widget\" data-widget_type=\"heading.default\">\n\t\t\t\t\t<h3 class=\"elementor-heading-title elementor-size-default\">LES ANNEES 50 ET 60<\/h3>\t\t\t\t<\/div>\n\t\t\t\t\t<\/div>\n\t\t<\/div>\n\t\t\t\t<div class=\"elementor-column elementor-col-66 elementor-inner-column elementor-element elementor-element-006ce8f\" data-id=\"006ce8f\" data-element_type=\"column\" data-e-type=\"column\">\n\t\t\t<div class=\"elementor-widget-wrap elementor-element-populated\">\n\t\t\t\t\t\t<div class=\"elementor-element elementor-element-b0e2607 elementor-widget elementor-widget-heading\" data-id=\"b0e2607\" data-element_type=\"widget\" data-e-type=\"widget\" data-widget_type=\"heading.default\">\n\t\t\t\t\t<h3 class=\"elementor-heading-title elementor-size-default\">L'Italie enti\u00e8re<\/h3>\t\t\t\t<\/div>\n\t\t\t\t<div class=\"elementor-element elementor-element-c9abfcf elementor-widget elementor-widget-text-editor\" data-id=\"c9abfcf\" data-element_type=\"widget\" data-e-type=\"widget\" data-widget_type=\"text-editor.default\">\n\t\t\t\t\t\t\t\t\t<p>Apr\u00e8s avoir surmont\u00e9 la difficile p\u00e9riode de l&rsquo;apr\u00e8s-guerre, durant ces ann\u00e9es, la marque <b>Moka Efti<\/b> s&rsquo;\u00e9tend sur tout le territoire italien dans le domaine exclusif du secteur <b>HO.RE.CA.<\/b>, destin\u00e9 aux professionnels de la restauration, dans lequel l&rsquo;entreprise s&rsquo;est sp\u00e9cialis\u00e9e et o\u00f9 l&rsquo;attention envers la qualit\u00e9 du produit et les standards de service est la plus grande.<\/p>\t\t\t\t\t\t\t\t<\/div>\n\t\t\t\t\t<\/div>\n\t\t<\/div>\n\t\t\t\t\t<\/div>\n\t\t<\/section>\n\t\t\t\t<section data-particle_enable=\"false\" data-particle-mobile-disabled=\"false\" class=\"elementor-section elementor-inner-section elementor-element elementor-element-84c385c elementor-section-boxed elementor-section-height-default elementor-section-height-default wpr-particle-no wpr-jarallax-no wpr-parallax-no wpr-sticky-section-no wpr-equal-height-no\" data-id=\"84c385c\" data-element_type=\"section\" data-e-type=\"section\">\n\t\t\t\t\t\t<div class=\"elementor-container elementor-column-gap-default\">\n\t\t\t\t\t<div class=\"elementor-column elementor-col-33 elementor-inner-column elementor-element elementor-element-7e98841\" data-id=\"7e98841\" data-element_type=\"column\" data-e-type=\"column\">\n\t\t\t<div class=\"elementor-widget-wrap elementor-element-populated\">\n\t\t\t\t\t\t<div class=\"elementor-element elementor-element-3782339 elementor-widget elementor-widget-heading\" data-id=\"3782339\" data-element_type=\"widget\" data-e-type=\"widget\" data-widget_type=\"heading.default\">\n\t\t\t\t\t<h3 class=\"elementor-heading-title elementor-size-default\">LES ANNEES 60 ET 70<\/h3>\t\t\t\t<\/div>\n\t\t\t\t\t<\/div>\n\t\t<\/div>\n\t\t\t\t<div class=\"elementor-column elementor-col-66 elementor-inner-column elementor-element elementor-element-96e5915\" data-id=\"96e5915\" data-element_type=\"column\" data-e-type=\"column\">\n\t\t\t<div class=\"elementor-widget-wrap elementor-element-populated\">\n\t\t\t\t\t\t<div class=\"elementor-element elementor-element-391c074 elementor-widget elementor-widget-heading\" data-id=\"391c074\" data-element_type=\"widget\" data-e-type=\"widget\" data-widget_type=\"heading.default\">\n\t\t\t\t\t<h3 class=\"elementor-heading-title elementor-size-default\">Giorgio Monti et la Suisse<\/h3>\t\t\t\t<\/div>\n\t\t\t\t<div class=\"elementor-element elementor-element-fb6c5ea elementor-widget elementor-widget-text-editor\" data-id=\"fb6c5ea\" data-element_type=\"widget\" data-e-type=\"widget\" data-widget_type=\"text-editor.default\">\n\t\t\t\t\t\t\t\t\t<p>Angelo passe le relais \u00e0 son fils Giorgio. C\u2019est gr\u00e2ce \u00e0 sa fa\u00e7on de g\u00e9rer la soci\u00e9t\u00e9 que la marque Moka Efti ne cesse de se renforcer, s\u2019installant m\u00eame en Sicile et en Sardaigne. Pas encore satisfait, l&rsquo;entrepreneur d\u00e9cide de conqu\u00e9rir le march\u00e9 suisse et d\u00e8s 1960 commencera \u00e0 vendre le caf\u00e9 Moka Efti en terre helv\u00e9tique.<\/p><p>Apr\u00e8s quelques ann\u00e9es, une soci\u00e9t\u00e9 de production totalement ind\u00e9pendante sera cr\u00e9\u00e9e \u00e0 Mendrisio, o\u00f9 le caf\u00e9 Moka Efti est produit pour \u00eatre vendu en Suisse.<\/p>\t\t\t\t\t\t\t\t<\/div>\n\t\t\t\t\t<\/div>\n\t\t<\/div>\n\t\t\t\t\t<\/div>\n\t\t<\/section>\n\t\t\t\t<div class=\"elementor-element elementor-element-ad58f52 elementor-invisible elementor-widget elementor-widget-image\" data-id=\"ad58f52\" data-element_type=\"widget\" data-e-type=\"widget\" data-settings=\"{&quot;_animation&quot;:&quot;fadeInDown&quot;}\" data-widget_type=\"image.default\">\n\t\t\t\t\t\t\t\t\t\t\t\t\t\t\t<img decoding=\"async\" width=\"800\" height=\"450\" src=\"https:\/\/mokaefti.ch\/wp-content\/uploads\/2022\/08\/caffe-mokaefti-1024x576.jpg\" class=\"attachment-large size-large wp-image-1429\" alt=\"\" srcset=\"https:\/\/mokaefti.ch\/wp-content\/uploads\/2022\/08\/caffe-mokaefti-1024x576.jpg 1024w, https:\/\/mokaefti.ch\/wp-content\/uploads\/2022\/08\/caffe-mokaefti-600x338.jpg 600w, https:\/\/mokaefti.ch\/wp-content\/uploads\/2022\/08\/caffe-mokaefti-300x169.jpg 300w, https:\/\/mokaefti.ch\/wp-content\/uploads\/2022\/08\/caffe-mokaefti-768x432.jpg 768w, https:\/\/mokaefti.ch\/wp-content\/uploads\/2022\/08\/caffe-mokaefti-1536x864.jpg 1536w, https:\/\/mokaefti.ch\/wp-content\/uploads\/2022\/08\/caffe-mokaefti-1170x658.jpg 1170w, https:\/\/mokaefti.ch\/wp-content\/uploads\/2022\/08\/caffe-mokaefti.jpg 1920w\" sizes=\"(max-width: 800px) 100vw, 800px\" \/>\t\t\t\t\t\t\t\t\t\t\t\t\t\t\t<\/div>\n\t\t\t\t<section data-particle_enable=\"false\" data-particle-mobile-disabled=\"false\" class=\"elementor-section elementor-inner-section elementor-element elementor-element-6c4a77f elementor-section-boxed elementor-section-height-default elementor-section-height-default wpr-particle-no wpr-jarallax-no wpr-parallax-no wpr-sticky-section-no wpr-equal-height-no\" data-id=\"6c4a77f\" data-element_type=\"section\" data-e-type=\"section\" data-settings=\"{&quot;background_background&quot;:&quot;classic&quot;}\">\n\t\t\t\t\t\t<div class=\"elementor-container elementor-column-gap-default\">\n\t\t\t\t\t<div class=\"elementor-column elementor-col-33 elementor-inner-column elementor-element elementor-element-32bc6dd\" data-id=\"32bc6dd\" data-element_type=\"column\" data-e-type=\"column\">\n\t\t\t<div class=\"elementor-widget-wrap elementor-element-populated\">\n\t\t\t\t\t\t<div class=\"elementor-element elementor-element-bb223bc elementor-widget elementor-widget-heading\" data-id=\"bb223bc\" data-element_type=\"widget\" data-e-type=\"widget\" data-widget_type=\"heading.default\">\n\t\t\t\t\t<h3 class=\"elementor-heading-title elementor-size-default\">LE NOUVEAU MILL\u00c9NAIRE <\/h3>\t\t\t\t<\/div>\n\t\t\t\t\t<\/div>\n\t\t<\/div>\n\t\t\t\t<div class=\"elementor-column elementor-col-66 elementor-inner-column elementor-element elementor-element-21e12de\" data-id=\"21e12de\" data-element_type=\"column\" data-e-type=\"column\">\n\t\t\t<div class=\"elementor-widget-wrap elementor-element-populated\">\n\t\t\t\t\t\t<div class=\"elementor-element elementor-element-b7db19f elementor-widget elementor-widget-heading\" data-id=\"b7db19f\" data-element_type=\"widget\" data-e-type=\"widget\" data-widget_type=\"heading.default\">\n\t\t\t\t\t<h3 class=\"elementor-heading-title elementor-size-default\">Toute la Suisse et l'assistance<\/h3>\t\t\t\t<\/div>\n\t\t\t\t<div class=\"elementor-element elementor-element-18b7391 elementor-widget elementor-widget-text-editor\" data-id=\"18b7391\" data-element_type=\"widget\" data-e-type=\"widget\" data-widget_type=\"text-editor.default\">\n\t\t\t\t\t\t\t\t\t<p>La croissance continue sur le territoire suisse dans la distribution du caf\u00e9 <b>Moka Efti<\/b> jusqu&rsquo;\u00e0 couvrir les quatre cantons, m\u00e8ne dans les ann\u00e9es 2000 au doublement de l&rsquo;\u00e9tablissement de production \u00e0 <b>Mendrisio<\/b>, o\u00f9 est \u00e9galement ajout\u00e9 l&rsquo;atelier et renforc\u00e9e l&rsquo;\u00e9quipe d\u00e9di\u00e9e \u00e0 l&rsquo;assistance technique des machines pour la production du caf\u00e9 expresso chez la client\u00e8le <b>Moka Efti<\/b> dans le Canton du Tessin.<br>La cr\u00e9ation d&rsquo;importants accords consolid\u00e9s avec des partenaires d\u00e9di\u00e9s au service d&rsquo;assistance aux \u00e9quipements pour la production du caf\u00e9 expresso \u00e9galement dans les cantons fran\u00e7ais et suisse, garantit aux clients <b>Moka Efti<\/b> une assistance rapide en cas de besoin sept jours sur sept, car \u00eatre d\u00e9di\u00e9s \u00e0 l&rsquo;<b>Ho.Re.Ca<\/b> signifie aussi \u00eatre capable de r\u00e9soudre toute probl\u00e9matique technique qui emp\u00eacherait nos. clients de toujours servir un excellent produit, \u00e0 tout moment.<\/p>\t\t\t\t\t\t\t\t<\/div>\n\t\t\t\t\t<\/div>\n\t\t<\/div>\n\t\t\t\t\t<\/div>\n\t\t<\/section>\n\t\t\t\t<section data-particle_enable=\"false\" data-particle-mobile-disabled=\"false\" class=\"elementor-section elementor-inner-section elementor-element elementor-element-ae29c3e elementor-section-boxed elementor-section-height-default elementor-section-height-default wpr-particle-no wpr-jarallax-no wpr-parallax-no wpr-sticky-section-no wpr-equal-height-no\" data-id=\"ae29c3e\" data-element_type=\"section\" data-e-type=\"section\" data-settings=\"{&quot;background_background&quot;:&quot;classic&quot;}\">\n\t\t\t\t\t\t<div class=\"elementor-container elementor-column-gap-default\">\n\t\t\t\t\t<div class=\"elementor-column elementor-col-100 elementor-inner-column elementor-element elementor-element-417e4f0\" data-id=\"417e4f0\" data-element_type=\"column\" data-e-type=\"column\">\n\t\t\t<div class=\"elementor-widget-wrap elementor-element-populated\">\n\t\t\t\t\t\t<div class=\"elementor-element elementor-element-08222d1 elementor-widget elementor-widget-heading\" data-id=\"08222d1\" data-element_type=\"widget\" data-e-type=\"widget\" data-widget_type=\"heading.default\">\n\t\t\t\t\t<h3 class=\"elementor-heading-title elementor-size-default\">AUJOURD'HUI<\/h3>\t\t\t\t<\/div>\n\t\t\t\t<div class=\"elementor-element elementor-element-125944b elementor-widget elementor-widget-text-editor\" data-id=\"125944b\" data-element_type=\"widget\" data-e-type=\"widget\" data-widget_type=\"text-editor.default\">\n\t\t\t\t\t\t\t\t\t<p>MOKA EFTI de Mendrisio, sp\u00e9cialis\u00e9e dans l&rsquo;importation, la torr\u00e9faction et la vente de caf\u00e9 dans le canal professionnel Ho.Re.Ca. est devenue l&rsquo;une des marques leaders dans ce secteur sp\u00e9cifique, sur tout le territoire suisse, disposant dans les principales villes d&rsquo;agents et collaborateurs d\u00e9di\u00e9s au d\u00e9veloppement des ventes du caf\u00e9 Moka Efti et surtout \u00e0 l&rsquo;assistance dans tous les domaines \u00e0 notre client\u00e8le.  Le caf\u00e9 vert est import\u00e9 directement des pays d\u2019origine o\u00f9 la soci\u00e9t\u00e9 a \u00e9tabli des relations pr\u00e9f\u00e9rentielles particuli\u00e8res avec certaines exploitations sp\u00e9cialis\u00e9es dans les cultures de haute qualit\u00e9.<\/p><p>Depuis quelques ann\u00e9es, nous avons \u00e9largi notre offre en nous ins\u00e9rant dans le secteur des dosettes et capsules monodoses <span class=\"citation-4 citation-end-4\">de caf\u00e9 avec une large gamme de m\u00e9langes de qualit\u00e9 capables de satisfaire tous les palais, avec des machines pour la maison et le bureau en compl\u00e9ment de l&rsquo;offre, pour ceux qui veulent d\u00e9guster un bon caf\u00e9 entre les murs de leur maison ou sur leur lieu de trav<\/span>ail.<\/p>\t\t\t\t\t\t\t\t<\/div>\n\t\t\t\t\t<\/div>\n\t\t<\/div>\n\t\t\t\t\t<\/div>\n\t\t<\/section>\n\t\t\t\t<section data-particle_enable=\"false\" data-particle-mobile-disabled=\"false\" class=\"elementor-section elementor-inner-section elementor-element elementor-element-8d588eb elementor-section-full_width elementor-section-height-default elementor-section-height-default wpr-particle-no wpr-jarallax-no wpr-parallax-no wpr-sticky-section-no wpr-equal-height-no\" data-id=\"8d588eb\" data-element_type=\"section\" data-e-type=\"section\">\n\t\t\t\t\t\t<div class=\"elementor-container elementor-column-gap-default\">\n\t\t\t\t\t<div class=\"elementor-column elementor-col-100 elementor-inner-column elementor-element elementor-element-e07d38d\" data-id=\"e07d38d\" data-element_type=\"column\" data-e-type=\"column\" data-settings=\"{&quot;background_background&quot;:&quot;classic&quot;}\">\n\t\t\t<div class=\"elementor-widget-wrap elementor-element-populated\">\n\t\t\t\t\t\t<div class=\"elementor-element elementor-element-da59738 elementor-invisible elementor-widget elementor-widget-image\" data-id=\"da59738\" data-element_type=\"widget\" data-e-type=\"widget\" data-settings=\"{&quot;_animation&quot;:&quot;fadeInDown&quot;}\" data-widget_type=\"image.default\">\n\t\t\t\t\t\t\t\t\t\t\t\t\t\t\t<img loading=\"lazy\" decoding=\"async\" width=\"800\" height=\"528\" src=\"https:\/\/mokaefti.ch\/wp-content\/uploads\/2025\/11\/bar-mokaefti.webp\" class=\"attachment-large size-large wp-image-24714\" alt=\"\" srcset=\"https:\/\/mokaefti.ch\/wp-content\/uploads\/2025\/11\/bar-mokaefti.webp 1000w, https:\/\/mokaefti.ch\/wp-content\/uploads\/2025\/11\/bar-mokaefti-300x198.webp 300w, https:\/\/mokaefti.ch\/wp-content\/uploads\/2025\/11\/bar-mokaefti-768x507.webp 768w, https:\/\/mokaefti.ch\/wp-content\/uploads\/2025\/11\/bar-mokaefti-600x396.jpg 600w\" sizes=\"(max-width: 800px) 100vw, 800px\" \/>\t\t\t\t\t\t\t\t\t\t\t\t\t\t\t<\/div>\n\t\t\t\t\t<\/div>\n\t\t<\/div>\n\t\t\t\t\t<\/div>\n\t\t<\/section>\n\t\t\t\t<section data-particle_enable=\"false\" data-particle-mobile-disabled=\"false\" class=\"elementor-section elementor-inner-section elementor-element elementor-element-a546b21 elementor-section-boxed elementor-section-height-default elementor-section-height-default wpr-particle-no wpr-jarallax-no wpr-parallax-no wpr-sticky-section-no wpr-equal-height-no\" data-id=\"a546b21\" data-element_type=\"section\" data-e-type=\"section\" data-settings=\"{&quot;background_background&quot;:&quot;classic&quot;}\">\n\t\t\t\t\t\t<div class=\"elementor-container elementor-column-gap-default\">\n\t\t\t\t\t<div class=\"elementor-column elementor-col-100 elementor-inner-column elementor-element elementor-element-1e8c458\" data-id=\"1e8c458\" data-element_type=\"column\" data-e-type=\"column\">\n\t\t\t<div class=\"elementor-widget-wrap elementor-element-populated\">\n\t\t\t\t\t\t<div class=\"elementor-element elementor-element-112c755 elementor-widget elementor-widget-heading\" data-id=\"112c755\" data-element_type=\"widget\" data-e-type=\"widget\" data-widget_type=\"heading.default\">\n\t\t\t\t\t<h3 class=\"elementor-heading-title elementor-size-default\">LA VENTE EN LIGNE<\/h3>\t\t\t\t<\/div>\n\t\t\t\t<div class=\"elementor-element elementor-element-8203771 elementor-widget elementor-widget-text-editor\" data-id=\"8203771\" data-element_type=\"widget\" data-e-type=\"widget\" data-widget_type=\"text-editor.default\">\n\t\t\t\t\t\t\t\t\t<p>Dans le sillage d&rsquo;une histoire caract\u00e9ris\u00e9e par une expansion constante et une attention m\u00e9ticuleuse \u00e0 la qualit\u00e9, Moka Efti Suisse a interpr\u00e9t\u00e9 l&rsquo;innovation comme l&rsquo;\u00e9volution naturelle de son propre mod\u00e8le d&rsquo;affaires. Fort de son leadership consolid\u00e9 dans le secteur Ho.Re.Ca. et de la r\u00e9cente diversification dans les dosettes et capsules, l&rsquo;entreprise a su anticiper les nouvelles habitudes de consommation, en d\u00e9barquant dans le monde du commerce \u00e9lectronique. Cette vision strat\u00e9gique lui a permis de transposer en ligne les m\u00eames valeurs qui d\u00e9cr\u00e8tent son succ\u00e8s depuis des d\u00e9cennies : l&rsquo;excellence et un service client impeccable. En offrant une exp\u00e9rience d&rsquo;achat num\u00e9rique simple et directe, Moka Efti a mis son pr\u00e9cieux <a href=\"https:\/\/mokaefti.ch\/fr\/boutique\/\"><strong>caf\u00e9 \u00e0 disposition de chaque consommateur en Suisse<\/strong><\/a>, consolidant sa position comme l&rsquo;un des acteurs les plus importants du march\u00e9 helv\u00e9tique du caf\u00e9 en ligne.    <\/p><p>Depuis quelques ann\u00e9es, nous avons \u00e9largi notre offre en nous ins\u00e9rant dans le secteur des dosettes et capsules monodoses <span class=\"citation-4 citation-end-4\">de caf\u00e9 avec une large gamme de m\u00e9langes de qualit\u00e9 capables de satisfaire tous les palais, avec des machines pour la maison et le bureau en compl\u00e9ment de l&rsquo;offre, pour ceux qui veulent d\u00e9guster un bon caf\u00e9 entre les murs de leur maison ou sur leur lieu de trav<\/span>ail.<\/p>\t\t\t\t\t\t\t\t<\/div>\n\t\t\t\t<div class=\"elementor-element elementor-element-8ae4f1d elementor-align-center elementor-widget elementor-widget-button\" data-id=\"8ae4f1d\" data-element_type=\"widget\" data-e-type=\"widget\" data-widget_type=\"button.default\">\n\t\t\t\t\t\t\t\t\t\t<a class=\"elementor-button elementor-button-link elementor-size-sm\" href=\"https:\/\/mokaefti.ch\/fr\/boutique\/\">\n\t\t\t\t\t\t<span class=\"elementor-button-content-wrapper\">\n\t\t\t\t\t\t\t\t\t<span class=\"elementor-button-text\">ACH\u00c8TE DU CAF\u00c9 DE HAUTE QUALIT\u00c9<\/span>\n\t\t\t\t\t<\/span>\n\t\t\t\t\t<\/a>\n\t\t\t\t\t\t\t\t<\/div>\n\t\t\t\t\t<\/div>\n\t\t<\/div>\n\t\t\t\t\t<\/div>\n\t\t<\/section>\n\t\t\t\t\t<\/div>\n\t\t<\/div>\n\t\t\t\t\t<\/div>\n\t\t<\/section>\n\t\t\t\t<\/div>\n\t\t","protected":false},"excerpt":{"rendered":"<p>Une histoire qui vient de loin c&rsquo;\u00e9tait en 1930 LES ANNEES 30 ET 40 Angelo Monti C&rsquo;est en 1930 qu&rsquo;Angelo Monti, avec une grande audace et un esprit entrepreneurial, reprend Moka Efti, active dans toute l&rsquo;Europe dans l&rsquo;importation et la torr\u00e9faction du caf\u00e9, afin de d\u00e9velopper la distribution du produit sur tout le territoire italien et de l\u00e0, gr\u00e2ce \u00e0 une attention particuli\u00e8re et \u00e0 des investissements cibl\u00e9s, soutenir les exportations en Europe comme dans le reste du monde. LES ANNEES 50 ET 60 L&rsquo;Italie enti\u00e8re Apr\u00e8s avoir surmont\u00e9 la difficile p\u00e9riode de l&rsquo;apr\u00e8s-guerre, durant ces ann\u00e9es, la marque Moka Efti s&rsquo;\u00e9tend sur tout le territoire italien dans le domaine exclusif du secteur HO.RE.CA., destin\u00e9 aux professionnels de la restauration, dans lequel l&rsquo;entreprise s&rsquo;est sp\u00e9cialis\u00e9e et o\u00f9 l&rsquo;attention envers la qualit\u00e9 du produit et les standards de service est la plus grande. LES ANNEES 60 ET 70 Giorgio Monti et la Suisse Angelo passe le relais \u00e0 son fils Giorgio. C\u2019est gr\u00e2ce \u00e0 sa fa\u00e7on de g\u00e9rer la soci\u00e9t\u00e9 que la marque Moka Efti ne cesse de se renforcer, s\u2019installant m\u00eame en Sicile et en Sardaigne. Pas encore satisfait, l&rsquo;entrepreneur d\u00e9cide de conqu\u00e9rir le march\u00e9 suisse et d\u00e8s 1960 commencera \u00e0 vendre le caf\u00e9 Moka Efti en terre helv\u00e9tique. Apr\u00e8s quelques ann\u00e9es, une soci\u00e9t\u00e9 de production totalement ind\u00e9pendante sera cr\u00e9\u00e9e \u00e0 Mendrisio, o\u00f9 le caf\u00e9 Moka Efti est produit pour \u00eatre vendu en Suisse. LE NOUVEAU MILL\u00c9NAIRE Toute la Suisse et l&rsquo;assistance La croissance continue sur le territoire suisse dans la distribution du caf\u00e9 Moka Efti jusqu&rsquo;\u00e0 couvrir les quatre cantons, m\u00e8ne dans les ann\u00e9es 2000 au doublement de l&rsquo;\u00e9tablissement de production \u00e0 Mendrisio, o\u00f9 est \u00e9galement ajout\u00e9 l&rsquo;atelier et renforc\u00e9e l&rsquo;\u00e9quipe d\u00e9di\u00e9e \u00e0 l&rsquo;assistance technique des machines pour la production du caf\u00e9 expresso chez la client\u00e8le Moka Efti dans le Canton du Tessin.La cr\u00e9ation d&rsquo;importants accords consolid\u00e9s avec des partenaires d\u00e9di\u00e9s au service d&rsquo;assistance aux \u00e9quipements pour la production du caf\u00e9 expresso \u00e9galement dans les cantons fran\u00e7ais et suisse, garantit aux clients Moka Efti une assistance rapide en cas de besoin sept jours sur sept, car \u00eatre d\u00e9di\u00e9s \u00e0 l&rsquo;Ho.Re.Ca signifie aussi \u00eatre capable de r\u00e9soudre toute probl\u00e9matique technique qui emp\u00eacherait nos. clients de toujours servir un excellent produit, \u00e0 tout moment. AUJOURD&rsquo;HUI MOKA EFTI de Mendrisio, sp\u00e9cialis\u00e9e dans l&rsquo;importation, la torr\u00e9faction et la vente de caf\u00e9 dans le canal professionnel Ho.Re.Ca. est devenue l&rsquo;une des marques leaders dans ce secteur sp\u00e9cifique, sur tout le territoire suisse, disposant dans les principales villes d&rsquo;agents et collaborateurs d\u00e9di\u00e9s au d\u00e9veloppement des ventes du caf\u00e9 Moka Efti et surtout \u00e0 l&rsquo;assistance dans tous les domaines \u00e0 notre client\u00e8le. Le caf\u00e9 vert est import\u00e9 directement des pays d\u2019origine o\u00f9 la soci\u00e9t\u00e9 a \u00e9tabli des relations pr\u00e9f\u00e9rentielles particuli\u00e8res avec certaines exploitations sp\u00e9cialis\u00e9es dans les cultures de haute qualit\u00e9. Depuis quelques ann\u00e9es, nous avons \u00e9largi notre offre en nous ins\u00e9rant dans le secteur des dosettes et capsules monodoses de caf\u00e9 avec une large gamme de m\u00e9langes de qualit\u00e9 capables de satisfaire tous les palais, avec des machines pour la maison et le bureau en compl\u00e9ment de l&rsquo;offre, pour ceux qui veulent d\u00e9guster un bon caf\u00e9 entre les murs de leur maison ou sur leur lieu de travail. LA VENTE EN LIGNE Dans le sillage d&rsquo;une histoire caract\u00e9ris\u00e9e par une expansion constante et une attention m\u00e9ticuleuse \u00e0 la qualit\u00e9, Moka Efti Suisse a interpr\u00e9t\u00e9 l&rsquo;innovation comme l&rsquo;\u00e9volution naturelle de son propre mod\u00e8le d&rsquo;affaires. Fort de son leadership consolid\u00e9 dans le secteur Ho.Re.Ca. et de la r\u00e9cente diversification dans les dosettes et capsules, l&rsquo;entreprise a su anticiper les nouvelles habitudes de consommation, en d\u00e9barquant dans le monde du commerce \u00e9lectronique. Cette vision strat\u00e9gique lui a permis de transposer en ligne les m\u00eames valeurs qui d\u00e9cr\u00e8tent son succ\u00e8s depuis des d\u00e9cennies : l&rsquo;excellence et un service client impeccable. En offrant une exp\u00e9rience d&rsquo;achat num\u00e9rique simple et directe, Moka Efti a mis son pr\u00e9cieux caf\u00e9 \u00e0 disposition de chaque consommateur en Suisse, consolidant sa position comme l&rsquo;un des acteurs les plus importants du march\u00e9 helv\u00e9tique du caf\u00e9 en ligne. Depuis quelques ann\u00e9es, nous avons \u00e9largi notre offre en nous ins\u00e9rant dans le secteur des dosettes et capsules monodoses de caf\u00e9 avec une large gamme de m\u00e9langes de qualit\u00e9 capables de satisfaire tous les palais, avec des machines pour la maison et le bureau en compl\u00e9ment de l&rsquo;offre, pour ceux qui veulent d\u00e9guster un bon caf\u00e9 entre les murs de leur maison ou sur leur lieu de travail. ACH\u00c8TE DU CAF\u00c9 DE HAUTE QUALIT\u00c9<\/p>\n","protected":false},"author":3129,"featured_media":0,"parent":0,"menu_order":0,"comment_status":"closed","ping_status":"closed","template":"elementor_header_footer","meta":{"_acf_changed":false,"_eb_attr":"","inline_featured_image":false,"footnotes":""},"folder":[],"class_list":["post-24814","page","type-page","status-publish","hentry"],"acf":[],"aioseo_notices":[],"_links":{"self":[{"href":"https:\/\/mokaefti.ch\/fr\/wp-json\/wp\/v2\/pages\/24814","targetHints":{"allow":["GET"]}}],"collection":[{"href":"https:\/\/mokaefti.ch\/fr\/wp-json\/wp\/v2\/pages"}],"about":[{"href":"https:\/\/mokaefti.ch\/fr\/wp-json\/wp\/v2\/types\/page"}],"author":[{"embeddable":true,"href":"https:\/\/mokaefti.ch\/fr\/wp-json\/wp\/v2\/users\/3129"}],"replies":[{"embeddable":true,"href":"https:\/\/mokaefti.ch\/fr\/wp-json\/wp\/v2\/comments?post=24814"}],"version-history":[{"count":0,"href":"https:\/\/mokaefti.ch\/fr\/wp-json\/wp\/v2\/pages\/24814\/revisions"}],"wp:attachment":[{"href":"https:\/\/mokaefti.ch\/fr\/wp-json\/wp\/v2\/media?parent=24814"}],"wp:term":[{"taxonomy":"folder","embeddable":true,"href":"https:\/\/mokaefti.ch\/fr\/wp-json\/wp\/v2\/folder?post=24814"}],"curies":[{"name":"wp","href":"https:\/\/api.w.org\/{rel}","templated":true}]}}