{"id":21198,"date":"2025-01-31T12:07:43","date_gmt":"2025-01-31T11:07:43","guid":{"rendered":"https:\/\/mokaefti.ch\/negozio-online\/creme-cafe-en-brique-1-l\/"},"modified":"2025-09-23T14:10:09","modified_gmt":"2025-09-23T12:10:09","slug":"creme-cafe-en-brique-1-l","status":"publish","type":"product","link":"https:\/\/mokaefti.ch\/fr\/boutique\/creme-cafe-en-brique-1-l\/","title":{"rendered":"CR\u00c8ME CAF\u00c9 EN BRIQUE 1 L"},"content":{"rendered":"","protected":false},"excerpt":{"rendered":"<p><span data-contrast=\"auto\">SANS GLUTEN ET SANS LACTOSE<\/span><span data-ccp-props=\"{}\"> <\/span><\/p>\n<p><span data-contrast=\"auto\">Cr\u00e8me caf\u00e9 UHT, dessert sans lactose \u00e0 longue conservation.<\/span><span data-ccp-props=\"{}\"> <\/span><\/p>\n<p data-pm-slice=\"1 1 []\">Ce produit est r\u00e9alis\u00e9 avec des ingr\u00e9dients de haute qualit\u00e9, s\u00e9lectionn\u00e9s avec soin pour garantir un go\u00fbt authentique et une consistance cr\u00e9meuse. Les principaux composants sont le lait frais pasteuris\u00e9 et la cr\u00e8me, qui ensemble conf\u00e8rent une texture velout\u00e9e et enveloppante. La douceur est rehauss\u00e9e par le sucre de canne, tandis que le caf\u00e9 soluble ajoute un ar\u00f4me intense et agr\u00e9able, parfait pour les amateurs de caf\u00e9.  <\/p>\n<p>Pour garantir une meilleure digestibilit\u00e9, le produit a \u00e9t\u00e9 formul\u00e9 avec des ingr\u00e9dients laitiers \u00e0 faible teneur en lactose, maintenant le niveau de lactose inf\u00e9rieur \u00e0 0,1 %. Ce processus permet d&rsquo;obtenir une option id\u00e9ale pour ceux qui sont intol\u00e9rants au lactose, sans compromettre le go\u00fbt et la qualit\u00e9. <\/p>\n<p>Du point de vue nutritionnel, le produit offre un parfait \u00e9quilibre entre plaisir et l\u00e9g\u00e8ret\u00e9. Chaque 100 grammes apportent 175 kcal et 9,6 grammes de mati\u00e8res grasses, dont 6,7 grammes satur\u00e9es. La teneur en glucides est de 19 grammes, avec 14 grammes de sucres. De plus, il contient 2,8 grammes de prot\u00e9ines et 0,47 gramme de fibres, tandis que la teneur en sel est de 0,18 gramme.   <\/p>\n","protected":false},"featured_media":12059,"comment_status":"open","ping_status":"closed","template":"","meta":{"_acf_changed":false,"_eb_attr":"","inline_featured_image":false},"product_brand":[306],"product_cat":[399,400],"product_tag":[],"class_list":{"0":"post-21198","1":"product","2":"type-product","3":"status-publish","4":"has-post-thumbnail","6":"product_brand-moka-efti","7":"product_cat-autres-produits","8":"product_cat-promotions-fr","10":"first","11":"instock","12":"sale","13":"shipping-taxable","14":"purchasable","15":"product-type-simple"},"acf":[],"aioseo_notices":[],"_links":{"self":[{"href":"https:\/\/mokaefti.ch\/fr\/wp-json\/wp\/v2\/product\/21198","targetHints":{"allow":["GET"]}}],"collection":[{"href":"https:\/\/mokaefti.ch\/fr\/wp-json\/wp\/v2\/product"}],"about":[{"href":"https:\/\/mokaefti.ch\/fr\/wp-json\/wp\/v2\/types\/product"}],"replies":[{"embeddable":true,"href":"https:\/\/mokaefti.ch\/fr\/wp-json\/wp\/v2\/comments?post=21198"}],"version-history":[{"count":0,"href":"https:\/\/mokaefti.ch\/fr\/wp-json\/wp\/v2\/product\/21198\/revisions"}],"wp:featuredmedia":[{"embeddable":true,"href":"https:\/\/mokaefti.ch\/fr\/wp-json\/wp\/v2\/media\/12059"}],"wp:attachment":[{"href":"https:\/\/mokaefti.ch\/fr\/wp-json\/wp\/v2\/media?parent=21198"}],"wp:term":[{"taxonomy":"product_brand","embeddable":true,"href":"https:\/\/mokaefti.ch\/fr\/wp-json\/wp\/v2\/product_brand?post=21198"},{"taxonomy":"product_cat","embeddable":true,"href":"https:\/\/mokaefti.ch\/fr\/wp-json\/wp\/v2\/product_cat?post=21198"},{"taxonomy":"product_tag","embeddable":true,"href":"https:\/\/mokaefti.ch\/fr\/wp-json\/wp\/v2\/product_tag?post=21198"}],"curies":[{"name":"wp","href":"https:\/\/api.w.org\/{rel}","templated":true}]}}