{"id":21320,"date":"2022-09-09T09:55:35","date_gmt":"2022-09-09T07:55:35","guid":{"rendered":"https:\/\/mokaefti.ch\/negozio-online\/arabica-100-dosettes-de-cafe\/"},"modified":"2025-11-24T13:31:36","modified_gmt":"2025-11-24T12:31:36","slug":"arabica-100-dosettes-de-cafe","status":"publish","type":"product","link":"https:\/\/mokaefti.ch\/fr\/boutique\/arabica-100-dosettes-de-cafe\/","title":{"rendered":"DOSETTES ARABICA 100%"},"content":{"rendered":"","protected":false},"excerpt":{"rendered":"<p>Les dosettes arabica ont un go\u00fbt d\u00e9licat, doux et aromatique. Gr\u00e2ce \u00e0 ses propri\u00e9t\u00e9s plus sucr\u00e9es, le caf\u00e9 arabica est moins fort tout en \u00e9tant tr\u00e8s parfum\u00e9.<\/p>\n<p>Le savais-tu&#8230;<br \/>\nLe caf\u00e9 en dosettes a un rendement tr\u00e8s proche du caf\u00e9 expresso fait avec la moka, et est donc parfait pour les passionn\u00e9s qui veulent \u00e9conomiser quelques minutes. De plus, la dosette est un choix \u00e9cologique, car elle est compos\u00e9e \u00e0 100 % de mat\u00e9riaux biod\u00e9gradables.<\/p>\n<p><strong>DESCRIPTION:<\/strong> 1 dosette de 7,5 gr. de caf\u00e9<br \/>\n<strong>EMBALLAGE<\/strong>: 100 dosettes<br \/>\n<strong>DIAM\u00c8TRE<\/strong>: 44mm<br \/>\n<strong>DATE D\u2019EXPIRATION<\/strong>: 2 ans \u00e0 compter de la date de production<\/p>\n","protected":false},"featured_media":4239,"comment_status":"closed","ping_status":"closed","template":"","meta":{"_acf_changed":false,"_eb_attr":"","inline_featured_image":false},"product_brand":[],"product_cat":[395],"product_tag":[],"class_list":{"0":"post-21320","1":"product","2":"type-product","3":"status-publish","4":"has-post-thumbnail","6":"product_cat-dosettes","8":"first","9":"instock","10":"shipping-taxable","11":"purchasable","12":"product-type-simple"},"acf":[],"aioseo_notices":[],"_links":{"self":[{"href":"https:\/\/mokaefti.ch\/fr\/wp-json\/wp\/v2\/product\/21320","targetHints":{"allow":["GET"]}}],"collection":[{"href":"https:\/\/mokaefti.ch\/fr\/wp-json\/wp\/v2\/product"}],"about":[{"href":"https:\/\/mokaefti.ch\/fr\/wp-json\/wp\/v2\/types\/product"}],"replies":[{"embeddable":true,"href":"https:\/\/mokaefti.ch\/fr\/wp-json\/wp\/v2\/comments?post=21320"}],"version-history":[{"count":0,"href":"https:\/\/mokaefti.ch\/fr\/wp-json\/wp\/v2\/product\/21320\/revisions"}],"wp:featuredmedia":[{"embeddable":true,"href":"https:\/\/mokaefti.ch\/fr\/wp-json\/wp\/v2\/media\/4239"}],"wp:attachment":[{"href":"https:\/\/mokaefti.ch\/fr\/wp-json\/wp\/v2\/media?parent=21320"}],"wp:term":[{"taxonomy":"product_brand","embeddable":true,"href":"https:\/\/mokaefti.ch\/fr\/wp-json\/wp\/v2\/product_brand?post=21320"},{"taxonomy":"product_cat","embeddable":true,"href":"https:\/\/mokaefti.ch\/fr\/wp-json\/wp\/v2\/product_cat?post=21320"},{"taxonomy":"product_tag","embeddable":true,"href":"https:\/\/mokaefti.ch\/fr\/wp-json\/wp\/v2\/product_tag?post=21320"}],"curies":[{"name":"wp","href":"https:\/\/api.w.org\/{rel}","templated":true}]}}