{"id":21354,"date":"2022-09-08T12:42:49","date_gmt":"2022-09-08T10:42:49","guid":{"rendered":"https:\/\/mokaefti.ch\/negozio-online\/decaefti-cafe-moulu-500g\/"},"modified":"2025-11-24T08:30:51","modified_gmt":"2025-11-24T07:30:51","slug":"decaefti-cafe-moulu-500g","status":"publish","type":"product","link":"https:\/\/mokaefti.ch\/fr\/boutique\/decaefti-cafe-moulu-500g\/","title":{"rendered":"D\u00c9CAF\u00c9IN\u00c9 MOULU 500G"},"content":{"rendered":"","protected":false},"excerpt":{"rendered":"<p><span class=\"selected\">Ce caf\u00e9 d\u00e9caf\u00e9in\u00e9 conquiert m\u00eame les palais les plus exigeants avec son go\u00fbt intense, rond et cors\u00e9. Parfait \u00e0 tout moment de la journ\u00e9e, D\u00e9caf\u00e9in\u00e9 moulu pr\u00e9serve l&rsquo;ar\u00f4me et le go\u00fbt du caf\u00e9 traditionnel gr\u00e2ce \u00e0 une s\u00e9lection de grains de haute qualit\u00e9 et \u00e0 une torr\u00e9faction m\u00e9ticuleuse. Disponible en format moulu, il est conditionn\u00e9 sous atmosph\u00e8re protectrice pour garantir sa fra\u00eecheur et sa fragrance durablement. Chaque sachet de 500g, scell\u00e9 herm\u00e9tiquement et dot\u00e9 d&rsquo;une valve de d\u00e9gazage, assure que la qualit\u00e9 du produit reste intacte jusqu&rsquo;au moment de l&rsquo;utilisation. <\/span><\/p>\n","protected":false},"featured_media":20663,"comment_status":"closed","ping_status":"closed","template":"","meta":{"_acf_changed":false,"_eb_attr":"","inline_featured_image":false},"product_brand":[],"product_cat":[411,420],"product_tag":[437,413,421],"class_list":{"0":"post-21354","1":"product","2":"type-product","3":"status-publish","4":"has-post-thumbnail","6":"product_cat-melange","7":"product_cat-moulus","8":"product_tag-deca","9":"product_tag-mouture-espresso","10":"product_tag-mouture-moka","12":"first","13":"instock","14":"shipping-taxable","15":"purchasable","16":"product-type-simple"},"acf":[],"aioseo_notices":[],"_links":{"self":[{"href":"https:\/\/mokaefti.ch\/fr\/wp-json\/wp\/v2\/product\/21354","targetHints":{"allow":["GET"]}}],"collection":[{"href":"https:\/\/mokaefti.ch\/fr\/wp-json\/wp\/v2\/product"}],"about":[{"href":"https:\/\/mokaefti.ch\/fr\/wp-json\/wp\/v2\/types\/product"}],"replies":[{"embeddable":true,"href":"https:\/\/mokaefti.ch\/fr\/wp-json\/wp\/v2\/comments?post=21354"}],"version-history":[{"count":0,"href":"https:\/\/mokaefti.ch\/fr\/wp-json\/wp\/v2\/product\/21354\/revisions"}],"wp:featuredmedia":[{"embeddable":true,"href":"https:\/\/mokaefti.ch\/fr\/wp-json\/wp\/v2\/media\/20663"}],"wp:attachment":[{"href":"https:\/\/mokaefti.ch\/fr\/wp-json\/wp\/v2\/media?parent=21354"}],"wp:term":[{"taxonomy":"product_brand","embeddable":true,"href":"https:\/\/mokaefti.ch\/fr\/wp-json\/wp\/v2\/product_brand?post=21354"},{"taxonomy":"product_cat","embeddable":true,"href":"https:\/\/mokaefti.ch\/fr\/wp-json\/wp\/v2\/product_cat?post=21354"},{"taxonomy":"product_tag","embeddable":true,"href":"https:\/\/mokaefti.ch\/fr\/wp-json\/wp\/v2\/product_tag?post=21354"}],"curies":[{"name":"wp","href":"https:\/\/api.w.org\/{rel}","templated":true}]}}