{"id":21365,"date":"2022-09-08T12:32:54","date_gmt":"2022-09-08T10:32:54","guid":{"rendered":"https:\/\/mokaefti.ch\/negozio-online\/melange-special-cafe-moulu-250g\/"},"modified":"2025-09-23T14:08:12","modified_gmt":"2025-09-23T12:08:12","slug":"melange-special-cafe-moulu-250g","status":"publish","type":"product","link":"https:\/\/mokaefti.ch\/fr\/boutique\/melange-special-cafe-moulu-250g\/","title":{"rendered":"M\u00c9LANGE SP\u00c9CIAL CAF\u00c9 MOULU 250G"},"content":{"rendered":"","protected":false},"excerpt":{"rendered":"<p>Notre M\u00e9lange Sp\u00e9cial na\u00eet d&rsquo;une s\u00e9lection minutieuse des meilleures origines de caf\u00e9 provenant des plantations les plus prestigieuses de la ceinture \u00e9quatoriale, notamment d&rsquo;Am\u00e9rique du Sud et Centrale, d&rsquo;Inde, d&rsquo;Afrique et d&rsquo;Asie. Compos\u00e9 \u00e0 70 % d&rsquo;Arabica et \u00e0 30 % de Robusta, ce m\u00e9lange offre un espresso au go\u00fbt fort et intense, parfait pour les vrais connaisseurs. Disponible en format moulu, il est conditionn\u00e9 sous atmosph\u00e8re protectrice pour pr\u00e9server son ar\u00f4me et sa fra\u00eecheur. Chaque sachet de 250g, herm\u00e9tiquement scell\u00e9 et \u00e9quip\u00e9 d&rsquo;une valve de d\u00e9gazage, garantit une qualit\u00e9 maximale et une exp\u00e9rience gustative incomparable dans chaque tasse.   <\/p>\n","protected":false},"featured_media":20667,"comment_status":"closed","ping_status":"closed","template":"","meta":{"_acf_changed":false,"_eb_attr":"","inline_featured_image":false},"product_brand":[],"product_cat":[411,420],"product_tag":[413,414],"class_list":{"0":"post-21365","1":"product","2":"type-product","3":"status-publish","4":"has-post-thumbnail","6":"product_cat-melange","7":"product_cat-moulus","8":"product_tag-mouture-espresso","9":"product_tag-mouture-ristretto","11":"first","12":"instock","13":"shipping-taxable","14":"purchasable","15":"product-type-simple"},"acf":[],"aioseo_notices":[],"_links":{"self":[{"href":"https:\/\/mokaefti.ch\/fr\/wp-json\/wp\/v2\/product\/21365","targetHints":{"allow":["GET"]}}],"collection":[{"href":"https:\/\/mokaefti.ch\/fr\/wp-json\/wp\/v2\/product"}],"about":[{"href":"https:\/\/mokaefti.ch\/fr\/wp-json\/wp\/v2\/types\/product"}],"replies":[{"embeddable":true,"href":"https:\/\/mokaefti.ch\/fr\/wp-json\/wp\/v2\/comments?post=21365"}],"version-history":[{"count":0,"href":"https:\/\/mokaefti.ch\/fr\/wp-json\/wp\/v2\/product\/21365\/revisions"}],"wp:featuredmedia":[{"embeddable":true,"href":"https:\/\/mokaefti.ch\/fr\/wp-json\/wp\/v2\/media\/20667"}],"wp:attachment":[{"href":"https:\/\/mokaefti.ch\/fr\/wp-json\/wp\/v2\/media?parent=21365"}],"wp:term":[{"taxonomy":"product_brand","embeddable":true,"href":"https:\/\/mokaefti.ch\/fr\/wp-json\/wp\/v2\/product_brand?post=21365"},{"taxonomy":"product_cat","embeddable":true,"href":"https:\/\/mokaefti.ch\/fr\/wp-json\/wp\/v2\/product_cat?post=21365"},{"taxonomy":"product_tag","embeddable":true,"href":"https:\/\/mokaefti.ch\/fr\/wp-json\/wp\/v2\/product_tag?post=21365"}],"curies":[{"name":"wp","href":"https:\/\/api.w.org\/{rel}","templated":true}]}}