{"id":21371,"date":"2022-09-08T12:23:36","date_gmt":"2022-09-08T10:23:36","guid":{"rendered":"https:\/\/mokaefti.ch\/negozio-online\/melange-special-cafe-en-grains-250g\/"},"modified":"2025-09-23T14:07:59","modified_gmt":"2025-09-23T12:07:59","slug":"melange-special-cafe-en-grains-250g","status":"publish","type":"product","link":"https:\/\/mokaefti.ch\/fr\/boutique\/melange-special-cafe-en-grains-250g\/","title":{"rendered":"M\u00c9LANGE SP\u00c9CIAL CAF\u00c9 EN GRAINS 250G"},"content":{"rendered":"","protected":false},"excerpt":{"rendered":"<p><span class=\"selected\">Notre M\u00e9lange Sp\u00e9cial en grains incarne la tradition de la torr\u00e9faction italienne, offrant une exp\u00e9rience unique pour les connaisseurs en Suisse qui aiment le plaisir de moudre leur propre caf\u00e9. Ce blend exclusif est compos\u00e9 de grains soigneusement s\u00e9lectionn\u00e9s provenant de plantations renomm\u00e9es, garantissant une qualit\u00e9 excellente en toute occasion. <\/span><\/p>\n<p><span class=\"selected\">La torr\u00e9faction artisanale en exalte les propri\u00e9t\u00e9s aromatiques, conf\u00e9rant au caf\u00e9 un profil gustatif harmonieux et profond. Au palais se distinguent des notes de cacao et d&rsquo;\u00e9pices raffin\u00e9es, avec un arri\u00e8re-go\u00fbt moelleux et persistant qui invite \u00e0 chaque gorg\u00e9e. <\/span><\/p>\n<p><span class=\"selected\">L&#8217;emballage de 250g de caf\u00e9 en grains est con\u00e7u pour pr\u00e9server la fra\u00eecheur du produit et r\u00e9pondre aux besoins de ceux qui, apr\u00e8s avoir d\u00e9gust\u00e9 le caf\u00e9 \u00e0 la maison, passent beaucoup de temps dehors. La s\u00e9lection minutieuse des mati\u00e8res premi\u00e8res et l&rsquo;attention m\u00e9ticuleuse durant tout le processus de production refl\u00e8tent l&rsquo;engagement de Moka Efti \u00e0 offrir un caf\u00e9 de haute qualit\u00e9. <\/span><\/p>\n<p><span class=\"selected\">Pour les consommateurs suisses, reconnus pour leur appr\u00e9ciation des produits d&rsquo;excellence, ce caf\u00e9 de haute qualit\u00e9 offre l&rsquo;opportunit\u00e9 de d\u00e9couvrir et de savourer la passion et la ma\u00eetrise italiennes dans l&rsquo;art de la torr\u00e9faction.<\/span><\/p>\n<p>&nbsp;<\/p>\n","protected":false},"featured_media":20225,"comment_status":"closed","ping_status":"closed","template":"","meta":{"_acf_changed":false,"_eb_attr":"","inline_featured_image":false},"product_brand":[],"product_cat":[381,411],"product_tag":[413],"class_list":{"0":"post-21371","1":"product","2":"type-product","3":"status-publish","4":"has-post-thumbnail","6":"product_cat-grains","7":"product_cat-melange","8":"product_tag-mouture-espresso","10":"first","11":"instock","12":"shipping-taxable","13":"purchasable","14":"product-type-simple"},"acf":[],"aioseo_notices":[],"_links":{"self":[{"href":"https:\/\/mokaefti.ch\/fr\/wp-json\/wp\/v2\/product\/21371","targetHints":{"allow":["GET"]}}],"collection":[{"href":"https:\/\/mokaefti.ch\/fr\/wp-json\/wp\/v2\/product"}],"about":[{"href":"https:\/\/mokaefti.ch\/fr\/wp-json\/wp\/v2\/types\/product"}],"replies":[{"embeddable":true,"href":"https:\/\/mokaefti.ch\/fr\/wp-json\/wp\/v2\/comments?post=21371"}],"version-history":[{"count":0,"href":"https:\/\/mokaefti.ch\/fr\/wp-json\/wp\/v2\/product\/21371\/revisions"}],"wp:featuredmedia":[{"embeddable":true,"href":"https:\/\/mokaefti.ch\/fr\/wp-json\/wp\/v2\/media\/20225"}],"wp:attachment":[{"href":"https:\/\/mokaefti.ch\/fr\/wp-json\/wp\/v2\/media?parent=21371"}],"wp:term":[{"taxonomy":"product_brand","embeddable":true,"href":"https:\/\/mokaefti.ch\/fr\/wp-json\/wp\/v2\/product_brand?post=21371"},{"taxonomy":"product_cat","embeddable":true,"href":"https:\/\/mokaefti.ch\/fr\/wp-json\/wp\/v2\/product_cat?post=21371"},{"taxonomy":"product_tag","embeddable":true,"href":"https:\/\/mokaefti.ch\/fr\/wp-json\/wp\/v2\/product_tag?post=21371"}],"curies":[{"name":"wp","href":"https:\/\/api.w.org\/{rel}","templated":true}]}}