{"id":21386,"date":"2022-09-08T12:08:05","date_gmt":"2022-09-08T10:08:05","guid":{"rendered":"https:\/\/mokaefti.ch\/negozio-online\/cafe-en-grains-nonplus-ultra-250g\/"},"modified":"2025-09-23T14:06:51","modified_gmt":"2025-09-23T12:06:51","slug":"cafe-en-grains-nonplus-ultra-250g","status":"publish","type":"product","link":"https:\/\/mokaefti.ch\/fr\/boutique\/cafe-en-grains-nonplus-ultra-250g\/","title":{"rendered":"CAF\u00c9 EN GRAINS NONPLUS ULTRA 250G"},"content":{"rendered":"","protected":false},"excerpt":{"rendered":"<p>Le caf\u00e9 en grains Nonplus Ultra de Moka Efti est l&rsquo;expression ultime de notre passion pour le caf\u00e9, un m\u00e9lange exclusif pens\u00e9 pour ceux qui n&rsquo;acceptent aucun compromis. En s\u00e9lectionnant avec soin les meilleurs grains d&rsquo;Arabica et de Robusta et en appliquant une torr\u00e9faction lente et contr\u00f4l\u00e9e, nous avons cr\u00e9\u00e9 un caf\u00e9 au go\u00fbt incomparable et parfaitement \u00e9quilibr\u00e9. Chaque tasse offre une exp\u00e9rience enveloppante, avec un corps plein, des notes riches de cacao et de fruits secs et une cr\u00e8me velout\u00e9e et extraordinairement persistante. Sa structure harmonique le rend id\u00e9al aussi bien pour une extraction impeccable avec des machines \u00e0 espresso professionnelles que pour exalter l&rsquo;ar\u00f4me de la traditionnelle moka. C&rsquo;est la base parfaite pour un espresso intense ou pour cr\u00e9er des cappuccinos et des macchiatos au go\u00fbt riche et m\u00e9morable.    <\/p>\n","protected":false},"featured_media":20237,"comment_status":"closed","ping_status":"closed","template":"","meta":{"_acf_changed":false,"_eb_attr":"","inline_featured_image":false},"product_brand":[],"product_cat":[381,411],"product_tag":[413],"class_list":{"0":"post-21386","1":"product","2":"type-product","3":"status-publish","4":"has-post-thumbnail","6":"product_cat-grains","7":"product_cat-melange","8":"product_tag-mouture-espresso","10":"first","11":"instock","12":"shipping-taxable","13":"purchasable","14":"product-type-simple"},"acf":[],"aioseo_notices":[],"_links":{"self":[{"href":"https:\/\/mokaefti.ch\/fr\/wp-json\/wp\/v2\/product\/21386","targetHints":{"allow":["GET"]}}],"collection":[{"href":"https:\/\/mokaefti.ch\/fr\/wp-json\/wp\/v2\/product"}],"about":[{"href":"https:\/\/mokaefti.ch\/fr\/wp-json\/wp\/v2\/types\/product"}],"replies":[{"embeddable":true,"href":"https:\/\/mokaefti.ch\/fr\/wp-json\/wp\/v2\/comments?post=21386"}],"version-history":[{"count":0,"href":"https:\/\/mokaefti.ch\/fr\/wp-json\/wp\/v2\/product\/21386\/revisions"}],"wp:featuredmedia":[{"embeddable":true,"href":"https:\/\/mokaefti.ch\/fr\/wp-json\/wp\/v2\/media\/20237"}],"wp:attachment":[{"href":"https:\/\/mokaefti.ch\/fr\/wp-json\/wp\/v2\/media?parent=21386"}],"wp:term":[{"taxonomy":"product_brand","embeddable":true,"href":"https:\/\/mokaefti.ch\/fr\/wp-json\/wp\/v2\/product_brand?post=21386"},{"taxonomy":"product_cat","embeddable":true,"href":"https:\/\/mokaefti.ch\/fr\/wp-json\/wp\/v2\/product_cat?post=21386"},{"taxonomy":"product_tag","embeddable":true,"href":"https:\/\/mokaefti.ch\/fr\/wp-json\/wp\/v2\/product_tag?post=21386"}],"curies":[{"name":"wp","href":"https:\/\/api.w.org\/{rel}","templated":true}]}}